{"id":301,"date":"2020-10-26T17:16:22","date_gmt":"2020-10-26T16:16:22","guid":{"rendered":"https:\/\/bonello.hu\/?page_id=301"},"modified":"2020-10-27T10:06:02","modified_gmt":"2020-10-27T09:06:02","slug":"aszf","status":"publish","type":"page","link":"https:\/\/bonello.hu\/?page_id=301","title":{"rendered":"\u00c1SZF"},"content":{"rendered":"<p>[et_pb_section fb_built=&#8221;1&#8243; _builder_version=&#8221;4.6.6&#8243; _module_preset=&#8221;default&#8221;][et_pb_row _builder_version=&#8221;4.6.6&#8243; _module_preset=&#8221;default&#8221;][et_pb_column type=&#8221;4_4&#8243; _builder_version=&#8221;4.6.6&#8243; _module_preset=&#8221;default&#8221;][et_pb_text _builder_version=&#8221;4.6.6&#8243; _module_preset=&#8221;default&#8221; text_font=&#8221;Poppins||||||||&#8221; text_font_size=&#8221;15px&#8221; text_line_height=&#8221;1.5em&#8221; header_font=&#8221;Poppins||||||||&#8221;]<\/p>\n<h1>(\u00c1ltal\u00e1nos Szerz\u0151d\u00e9si Felt\u00e9telek<\/h1>\n<p>&nbsp;<\/p>\n<p>K\u00e9rj\u00fck, olvassa el alaposan \u00c1ltal\u00e1nos Szerz\u0151d\u00e9si Felt\u00e9teleinket, hiszen rendel\u00e9se lead\u00e1s\u00e1val elfogadja a jelen dokumentumban le\u00edrtakat!<\/p>\n<p>Amennyiben webshopunk haszn\u00e1lat\u00e1val, a v\u00e1s\u00e1rl\u00e1s folyamat\u00e1val, term\u00e9keinkkel vagy az \u00c1ltal\u00e1nos Szerz\u0151d\u00e9si Felt\u00e9telekkel kapcsolatos k\u00e9rd\u00e9se van, az al\u00e1bbi el\u00e9rhet\u0151s\u00e9geken kereszt\u00fcl veheti fel vel\u00fcnk a kapcsolatot:<\/p>\n<p><strong>Az Elad\u00f3 adatai:<\/strong><\/p>\n<ul>\n<li><strong>C\u00e9gn\u00e9v: Gell\u00e9rtn\u00e9 Rikk \u00c9va E.V.<\/strong><\/li>\n<\/ul>\n<ul>\n<li><strong>Sz\u00e9khely: Pom\u00e1z, 2013, Illy\u00e9s Gyula utca 27.<\/strong><\/li>\n<\/ul>\n<ul>\n<li><strong>Postac\u00edm: Pom\u00e1z, 2013, Illy\u00e9s Gyula utca 27.<\/strong><\/li>\n<li><strong>Ad\u00f3sz\u00e1m: 55922041-1-33<\/strong><\/li>\n<li><strong>Banksz\u00e1mlasz\u00e1m: 11742520-21456334 (Gell\u00e9rtn\u00e9 Rikk \u00c9va)<\/strong><\/li>\n<li><strong>Nyilv\u00e1ntart\u00e1sba vev\u0151 hat\u00f3s\u00e1g neve: <\/strong><\/li>\n<li><strong>K\u00e9pvisel\u0151 neve: Gell\u00e9rtn\u00e9 Rikk \u00c9va<\/strong><\/li>\n<li><strong>Weboldal c\u00edm: www.bonello.hu<\/strong><\/li>\n<li><strong>E-mail c\u00edm: info@bonello.hu<\/strong><\/li>\n<li><strong>Mobilsz\u00e1m: 06<\/strong> <strong>20 356 1123<\/strong><\/li>\n<\/ul>\n<p><strong>T\u00e1rhelyszolg\u00e1ltat\u00f3 adatai:<\/strong><\/p>\n<ul>\n<li><strong>C\u00e9gn\u00e9v: Ocean\u2019s Dream Bt. <\/strong><\/li>\n<li><strong>Sz\u00e9khely: Budapest 1162 Dob\u00f3 utca 64.<\/strong><\/li>\n<li><strong>Weboldal: www.oceansdream.hu<\/strong><\/li>\n<\/ul>\n<p><strong>Fogalmak:<\/strong><\/p>\n<p><strong>Felek:<\/strong>\u00a0Elad\u00f3 \u00e9s Fogyaszt\u00f3\/V\u00e1llalkoz\u00e1s egy\u00fcttesen<\/p>\n<p><strong>Fogyaszt\u00f3:<\/strong>\u00a0gazdas\u00e1gi tev\u00e9kenys\u00e9ge, illetve szakm\u00e1ja k\u00f6r\u00e9n k\u00edv\u00fcl elj\u00e1r\u00f3 nagykor\u00fa, 18. \u00e9let\u00e9v\u00e9t bet\u00f6lt\u00f6tt term\u00e9szetes szem\u00e9ly<\/p>\n<p><strong>Fogyaszt\u00f3i Szerz\u0151d\u00e9s:<\/strong>\u00a0szerz\u0151d\u00e9s, melynek egyik alanya Fogyaszt\u00f3nak min\u0151s\u00fcl<\/p>\n<p><strong>J\u00f3t\u00e1ll\u00e1s:<\/strong> a Fogyaszt\u00f3i Szerz\u0151d\u00e9s eset\u00e9ben a Polg\u00e1ri T\u00f6rv\u00e9nyk\u00f6nyv szerint<\/p>\n<ul>\n<li>jogszab\u00e1lyi k\u00f6telezetts\u00e9gen t\u00falmutat\u00f3, illetve \u00f6nk\u00e9nt, a szerz\u0151d\u00e9s megfelel\u0151 teljes\u00edt\u00e9s\u00e9\u00e9rt v\u00e1llalt j\u00f3t\u00e1ll\u00e1s<\/li>\n<li>k\u00f6telez\u0151 j\u00f3t\u00e1ll\u00e1s, mely jogszab\u00e1lyon alapul<\/li>\n<\/ul>\n<p><strong>Szerz\u0151d\u00e9s:<\/strong>\u00a0Elad\u00f3 \u00e9s Fogyaszt\u00f3\/V\u00e1llalkoz\u00e1s k\u00f6z\u00f6tt a webshop \u00e9s e-mail felhaszn\u00e1l\u00e1s\u00e1val t\u00f6rt\u00e9n\u0151 ad\u00e1sv\u00e9teli szerz\u0151d\u00e9s megk\u00f6t\u00e9se<\/p>\n<p><strong>T\u00e1voll\u00e9v\u0151k k\u00f6z\u00f6tt k\u00f6t\u00f6tt szerz\u0151d\u00e9s:<\/strong> a szerz\u0151d\u00e9s t\u00e1rgy\u00e1t k\u00e9pez\u0151 term\u00e9k megv\u00e1s\u00e1rl\u00e1s\u00e1ra vagy szolg\u00e1ltat\u00e1s ny\u00fajt\u00e1s\u00e1ra ir\u00e1nyul\u00f3 szerz\u0151d\u00e9s, amely a felek egyidej\u0171 fizikai jelenl\u00e9te n\u00e9lk\u00fcl, t\u00e1voll\u00e9v\u0151k k\u00f6zti kommunik\u00e1ci\u00f3s eszk\u00f6z alkalmaz\u00e1s\u00e1val, t\u00e1v\u00e9rt\u00e9kes\u00edt\u00e9si rendszer keretein bel\u00fcl ker\u00fcl megk\u00f6t\u00e9sre<\/p>\n<p><strong>T\u00e1voll\u00e9v\u0151k k\u00f6zti kommunik\u00e1ci\u00f3s eszk\u00f6z:<\/strong>\u00a0a felek t\u00e1voll\u00e9t\u00e9ben szerz\u0151d\u00e9si nyilatkozat megt\u00e9tel\u00e9re alkalmas eszk\u00f6z, pl. internetes hozz\u00e1f\u00e9r\u00e9st biztos\u00edt\u00f3 eszk\u00f6z, nyomtatv\u00e1ny, katal\u00f3gus, telefon<\/p>\n<p><strong>Term\u00e9k:<\/strong>\u00a0webshopunk \u00e1ruk\u00e9szlet\u00e9ben l\u00e9v\u0151, elad\u00e1sra sz\u00e1nt, birtokba vehet\u0151, Szerz\u0151d\u00e9s t\u00e1rgy\u00e1t k\u00e9pez\u0151, forgalomk\u00e9pes ing\u00f3s\u00e1g<\/p>\n<p><strong>V\u00e1llalkoz\u00e1s:<\/strong>\u00a0gazdas\u00e1gi tev\u00e9kenys\u00e9ge, illetve szakm\u00e1ja k\u00f6r\u00e9ben elj\u00e1r\u00f3 szem\u00e9ly<\/p>\n<p><strong>Webshop:<\/strong> webshopunk, melyen kereszt\u00fcl a szerz\u0151d\u00e9sk\u00f6t\u00e9s megval\u00f3sul<\/p>\n<p><strong>Vonatkoz\u00f3 jogszab\u00e1lyok:<\/strong><\/p>\n<ul>\n<li>\u00e9vi CLV. t\u00f6rv\u00e9ny a fogyaszt\u00f3v\u00e9delemr\u0151l<\/li>\n<li>\u00e9vi LXXVI. t\u00f6rv\u00e9ny a szerz\u0151i jogr\u00f3l<\/li>\n<li>\u00e9vi CVIII. t\u00f6rv\u00e9ny az elektronikus kereskedelmi szolg\u00e1ltat\u00e1sok, valamint az inform\u00e1ci\u00f3s t\u00e1rsadalommal \u00f6sszef\u00fcgg\u0151 szolg\u00e1ltat\u00e1sok egyes k\u00e9rd\u00e9seir\u0151l<\/li>\n<li>151\/2003. (IX.22.) korm\u00e1nyrendelet a tart\u00f3s fogyaszt\u00e1si cikkekre vonatkoz\u00f3 k\u00f6telez\u0151 j\u00f3t\u00e1ll\u00e1sr\u00f3l<\/li>\n<li>\u00e9vi CXII. t\u00f6rv\u00e9ny az inform\u00e1ci\u00f3s \u00f6nrendelkez\u00e9si jogr\u00f3l \u00e9s az inform\u00e1ci\u00f3szabads\u00e1gr\u00f3l<\/li>\n<li>\u00e9vi V. t\u00f6rv\u00e9ny a Polg\u00e1ri T\u00f6rv\u00e9nyk\u00f6nyvr\u0151l<\/li>\n<li>19\/2014. (IV.29.) NGM rendelet a Fogyaszt\u00f3 \u00e9s v\u00e1llalkoz\u00e1s k\u00f6z\u00f6tti szerz\u0151d\u00e9s keret\u00e9ben eladott dolgokra vonatkoz\u00f3 szavatoss\u00e1gi \u00e9s j\u00f3t\u00e1ll\u00e1si ig\u00e9nyek int\u00e9z\u00e9s\u00e9nek elj\u00e1r\u00e1si szab\u00e1lyair\u00f3l<\/li>\n<li>45\/2014. (II.26.) korm\u00e1nyrendelet a Fogyaszt\u00f3 \u00e9s a v\u00e1llalkoz\u00e1s k\u00f6z\u00f6tti szerz\u0151d\u00e9sek r\u00e9szletes szab\u00e1lyair\u00f3l<\/li>\n<li>Az Eur\u00f3pai Parlament \u00e9s Tan\u00e1cs (EU) 2016\/679. rendelete (2016.04.27.) a term\u00e9szetes szem\u00e9lyek szem\u00e9lyes adatainak kezel\u00e9s\u00e9r\u0151l \u00e9s v\u00e9delm\u00e9r\u0151l, tov\u00e1bb\u00e1 ezen adatok szabad \u00e1raml\u00e1s\u00e1r\u00f3l, valamint a 95\/46\/EK rendelet, azaz az \u00e1ltal\u00e1nos adatv\u00e9delmi rendelet hat\u00e1lyon k\u00edv\u00fcl helyez\u00e9s\u00e9r\u0151l<\/li>\n<li>Az Eur\u00f3pai Parlament \u00e9s Tan\u00e1cs (EU) 2018\/302. rendelete (2018.02.28.) a bels\u0151 piacon bel\u00fcl a Fogyaszt\u00f3 \u00e1llampolg\u00e1rs\u00e1ga, lak\u00f3\/leteleped\u00e9si helye alapj\u00e1n val\u00f3 indokolatlan ter\u00fcleti alap\u00fa tartalomkorl\u00e1toz\u00e1ssal \u00e9s a megk\u00fcl\u00f6nb\u00f6ztet\u00e9s egy\u00e9b form\u00e1ival szembeni fell\u00e9p\u00e9sr\u0151l, valamint a 2006\/2004\/EK \u00e9s az (EU) 2017\/2394. rendelete, tov\u00e1bb\u00e1 a 2009\/22\/EK ir\u00e1nyelv m\u00f3dos\u00edt\u00e1s\u00e1r\u00f3l<\/li>\n<\/ul>\n<p><strong>\u00c1SZF hat\u00e1lya \u00e9s elfogad\u00e1sa:<\/strong><\/p>\n<p>A vonatkoz\u00f3 jogszab\u00e1lyok mellett a megk\u00f6t\u00e9sre ker\u00fcl\u0151 szerz\u0151d\u00e9s tartalm\u00e1t az \u00c1ltal\u00e1nos Szerz\u0151d\u00e9si Felt\u00e9telek is szab\u00e1lyozz\u00e1k. Ennek keretein bel\u00fcl \u00f6sszefoglaljuk a Fogyaszt\u00f3t \u00e9s az Elad\u00f3t megillet\u0151 jogokat, k\u00f6telezetts\u00e9geket, a szerz\u0151d\u00e9sk\u00f6t\u00e9s felt\u00e9teleit, a fizet\u00e9si, illetve sz\u00e1ll\u00edt\u00e1si felt\u00e9teleket, a hat\u00e1rid\u0151ket, a felel\u0151ss\u00e9ggel kapcsolatos szab\u00e1lyokat, tov\u00e1bb\u00e1 az el\u00e1ll\u00e1si jog gyakorl\u00e1s\u00e1nak felt\u00e9teleit.<\/p>\n<p>\u00d6n rendel\u00e9se lead\u00e1s\u00e1val elfogadja c\u00e9g\u00fcnk \u00c1ltal\u00e1nos Szerz\u0151d\u00e9si Felt\u00e9teleit, mely a megk\u00f6t\u00e9sre ker\u00fcl\u0151 szerz\u0151d\u00e9shez tartozik.<\/p>\n<p><strong>Szerz\u0151d\u00e9s nyelve \u00e9s form\u00e1ja:<\/strong><\/p>\n<p>A szerz\u0151d\u00e9s nyelve magyar.<\/p>\n<p>A szerz\u0151d\u00e9s a megrendel\u00e9s lead\u00e1s\u00e1val j\u00f6n l\u00e9tre a jelen \u00c1ltal\u00e1nos Szerz\u0151d\u00e9si Felt\u00e9telek elfogad\u00e1s\u00e1val.<\/p>\n<p><strong>\u00c1rak:<\/strong><\/p>\n<p>Az \u00e1rak forintban \u00e9rtend\u0151k. \u00c1raink brutt\u00f3 \u00e1rak, melyek az \u00c1F\u00c1-t tartalmazz\u00e1k. Fenntartjuk az \u00e1rv\u00e1ltoztat\u00e1s jog\u00e1t.<\/p>\n<p><strong>Panasz\u00fcgyint\u00e9z\u00e9s \u00e9s jog\u00e9rv\u00e9nyes\u00edt\u00e9si lehet\u0151s\u00e9gek:<\/strong><\/p>\n<p>A Fogyaszt\u00f3 a term\u00e9ket, illet\u0151leg tev\u00e9kenys\u00e9g\u00fcnket illet\u0151 kifog\u00e1sait a k\u00f6vetkez\u0151 el\u00e9rhet\u0151s\u00e9geinken kereszt\u00fcl juttathatja el hozz\u00e1nk:<\/p>\n<ul>\n<li>Postai c\u00edm: Pom\u00e1z, 2013, Illy\u00e9s Gyula utca 27.<\/li>\n<li>E-mail c\u00edm: info@bonello.hu<\/li>\n<li>Telefonsz\u00e1m: 06203561123<\/li>\n<\/ul>\n<p>A Fogyaszt\u00f3<strong> els\u0151sorban \u00edr\u00e1sban, egyes esetekben sz\u00f3ban is k\u00f6z\u00f6lheti panasz\u00e1t<\/strong>. A panasz vonatkozhat az Elad\u00f3 r\u00e9sz\u00e9r\u0151l elj\u00e1r\u00f3 szem\u00e9ly viselked\u00e9s\u00e9re, munk\u00e1j\u00e1ra, esetleg mulaszt\u00e1s\u00e1ra, mely a term\u00e9k forgalmaz\u00e1s\u00e1val, \u00e9rt\u00e9kes\u00edt\u00e9s\u00e9vel k\u00f6zvetlen kapcsolatban \u00e1ll.<\/p>\n<p><strong>A sz\u00f3beli panaszt c\u00e9g\u00fcnk halad\u00e9ktalanul kivizsg\u00e1lja \u00e9s a lehet\u0151s\u00e9geknek megfelel\u0151en megoldja<\/strong>. Amennyiben a Fogyaszt\u00f3 nem \u00e9rt egyet a panasz kezel\u00e9s\u00e9vel vagy a panasz halad\u00e9ktalan kivizsg\u00e1l\u00e1sa nem lehets\u00e9ges, a panaszr\u00f3l \u00e9s azzal kapcsolatos \u00e1ll\u00e1spontj\u00e1r\u00f3l jegyz\u0151k\u00f6nyvet vesz\u00fcnk fel, melynek m\u00e1solati p\u00e9ld\u00e1ny\u00e1t eljuttatjuk a Fogyaszt\u00f3 r\u00e9sz\u00e9re. <strong>Az \u00edr\u00e1sbeli panaszt c\u00e9g\u00fcnk\u00a0a be\u00e9rkez\u00e9st\u0151l sz\u00e1m\u00edtott 30 napon bel\u00fcl \u00edr\u00e1sban megv\u00e1laszolja<\/strong>.<\/p>\n<p>A panaszr\u00f3l felvett jegyz\u0151k\u00f6nyvnek az al\u00e1bbiakat kell tartalmaznia:<\/p>\n<ul>\n<li>Panasz eljuttat\u00e1s\u00e1nak hely\u00e9t, m\u00f3dj\u00e1t, idej\u00e9t<\/li>\n<li>Fogyaszt\u00f3 nev\u00e9t, lakc\u00edm\u00e9t, el\u00e9rhet\u0151s\u00e9g\u00e9t<\/li>\n<li>Fogyaszt\u00f3i panasz r\u00e9szletes le\u00edr\u00e1s\u00e1t, tov\u00e1bb\u00e1 a dokumentumok, iratok, bizony\u00edt\u00e9kok jegyz\u00e9k\u00e9t<\/li>\n<li>Az Elad\u00f3 nyilatkozat\u00e1t a Fogyaszt\u00f3i panaszt \u00e9rint\u0151 \u00e1ll\u00e1spontj\u00e1r\u00f3l, ha annak halad\u00e9ktalan kivizsg\u00e1l\u00e1sa megoldhat\u00f3<\/li>\n<li>Jegyz\u0151k\u00f6nyv felv\u00e9tel\u00e9nek hely\u00e9t \u00e9s idej\u00e9t<\/li>\n<li>A panasz egyedi azonos\u00edt\u00f3sz\u00e1m\u00e1t<\/li>\n<\/ul>\n<p>Az Elad\u00f3 a panaszr\u00f3l felvett jegyz\u0151k\u00f6nyvet \u00e9s a v\u00e1lasz m\u00e1solati p\u00e9ld\u00e1ny\u00e1t 5 \u00e9vig meg\u0151rzi, ellen\u0151rz\u0151 hat\u00f3s\u00e1g k\u00e9r\u00e9s\u00e9re bemutatja.<\/p>\n<p>Az Elad\u00f3 a Fogyaszt\u00f3t \u00edr\u00e1sban t\u00e1j\u00e9koztatja, amennyiben a panaszt elutas\u00edtja, hogy panasz\u00e1val mely hat\u00f3s\u00e1g vagy B\u00e9k\u00e9ltet\u0151 Test\u00fclet elj\u00e1r\u00e1s\u00e1t kezdem\u00e9nyezheti. Tartalmazza a t\u00e1j\u00e9koztat\u00e1s az illet\u00e9kes hat\u00f3s\u00e1g \u00e9s a Fogyaszt\u00f3 lak\u00f3helye\/tart\u00f3zkod\u00e1si helye szerinti B\u00e9k\u00e9ltet\u0151 Test\u00fclet sz\u00e9khely\u00e9t, levelez\u00e9si c\u00edm\u00e9t, el\u00e9rhet\u0151s\u00e9geit (weboldal, e-mail, telefonsz\u00e1m), valamint az Elad\u00f3 Fogyaszt\u00f3i jogvita rendez\u00e9se c\u00e9lj\u00e1b\u00f3l t\u00f6rt\u00e9n\u0151 B\u00e9k\u00e9ltet\u0151 Test\u00fcleti elj\u00e1r\u00e1s ig\u00e9nybev\u00e9tel\u00e9vel kapcsolatos \u00e1ll\u00e1spontj\u00e1t.<\/p>\n<p>Abban az esetben, ha az Elad\u00f3 \u00e9s a Fogyaszt\u00f3 k\u00f6zti jogvita t\u00e1rgyal\u00e1sok \u00fatj\u00e1n sem rendez\u0151dik, tov\u00e1bbi jog\u00e9rv\u00e9nyes\u00edt\u00e9si lehet\u0151s\u00e9gekkel \u00e9lhet a Fogyaszt\u00f3:<\/p>\n<p><strong>Fogyaszt\u00f3v\u00e9delmi Hat\u00f3s\u00e1gi elj\u00e1r\u00e1s:<\/strong><\/p>\n<p>A Fogyaszt\u00f3i jogok megs\u00e9rt\u00e9se eset\u00e9n a Fogyaszt\u00f3 jogosult panaszt tenni a lak\u00f3helye szerint illet\u00e9kes Fogyaszt\u00f3v\u00e9delmi Hat\u00f3s\u00e1gn\u00e1l. A hat\u00f3s\u00e1g d\u00f6nt a fogyaszt\u00f3v\u00e9delmi elj\u00e1r\u00e1s lefolytat\u00e1s\u00e1r\u00f3l a panasz elb\u00edr\u00e1l\u00e1s\u00e1t k\u00f6vet\u0151en. Az els\u0151fok\u00fa hat\u00f3s\u00e1gi feladatokat a j\u00e1r\u00e1si hivatalok l\u00e1tj\u00e1k el. El\u00e9rhet\u0151s\u00e9g\u00fck: <a href=\"https:\/\/jarasinfo.gov.hu\/jarasok-lista\">http:\/\/jarasinfo.gov.hu\/<\/a><\/p>\n<p><strong>B\u00edr\u00f3s\u00e1gi elj\u00e1r\u00e1s:<\/strong><\/p>\n<p>A Fogyaszt\u00f3 polg\u00e1ri elj\u00e1r\u00e1s keretein bel\u00fcl jogosult a jogvit\u00e1b\u00f3l sz\u00e1rmaz\u00f3 k\u00f6vetel\u00e9s\u00e9nek b\u00edr\u00f3s\u00e1g el\u0151tti \u00e9rv\u00e9nyes\u00edt\u00e9s\u00e9re a Polg\u00e1ri T\u00f6rv\u00e9nyk\u00f6nyvr\u0151l sz\u00f3l\u00f3 2013. \u00e9vi V. t\u00f6rv\u00e9ny, valamint a Polg\u00e1ri Perrendtart\u00e1sr\u00f3l sz\u00f3l\u00f3 2016. \u00e9vi CXXX. t\u00f6rv\u00e9ny rendelkez\u00e9sei szerint.<\/p>\n<p><strong>B\u00e9k\u00e9ltet\u0151 Test\u00fcleti elj\u00e1r\u00e1s:<\/strong><\/p>\n<p>Jogosult a lak\u00f3helye\/tart\u00f3zkod\u00e1si helye szerint illet\u00e9kes B\u00e9k\u00e9ltet\u0151 Test\u00fclethez fordulni, ha Fogyaszt\u00f3i panasz\u00e1t elutas\u00edtjuk. Az elj\u00e1r\u00e1s megind\u00edt\u00e1s\u00e1nak felt\u00e9tele, hogy a Fogyaszt\u00f3 az Elad\u00f3val k\u00f6zvetlen\u00fcl megk\u00eds\u00e9relje a vit\u00e1s \u00fcgy rendez\u00e9s\u00e9t.<\/p>\n<p>A B\u00e9k\u00e9ltet\u0151 Test\u00fcleti elj\u00e1r\u00e1sban az Elad\u00f3t egy\u00fcttm\u0171k\u00f6d\u00e9si k\u00f6telezetts\u00e9g terheli. Ez alapj\u00e1n az Elad\u00f3 k\u00f6teles a B\u00e9k\u00e9ltet\u0151 Test\u00fclet felh\u00edv\u00e1s\u00e1ra <strong>v\u00e1lasziratot megk\u00fcldeni<\/strong>, valamint a B\u00e9k\u00e9ltet\u0151 Test\u00fclet el\u0151tti meghallgat\u00e1son\u00a0<strong>megjelenni<\/strong> \u00e9s egyezs\u00e9g l\u00e9trehozatal\u00e1ra feljogos\u00edtott szem\u00e9ly r\u00e9szv\u00e9tel\u00e9t biztos\u00edtani.<\/p>\n<p>Ha az Elad\u00f3 sz\u00e9khelye\/telephelye a ter\u00fcletileg illet\u00e9kes B\u00e9k\u00e9ltet\u0151 Test\u00fcletet m\u0171k\u00f6dtet\u0151 kamara szerinti megy\u00e9n k\u00edv\u00fcl tal\u00e1lhat\u00f3, az Elad\u00f3 egy\u00fcttm\u0171k\u00f6d\u00e9si k\u00f6telezetts\u00e9ge a fogyaszt\u00f3i ig\u00e9ny megfelel\u0151 \u00edr\u00e1sbeli egyezs\u00e9gk\u00f6t\u00e9s lehet\u0151s\u00e9g\u00e9nek felaj\u00e1nl\u00e1s\u00e1ra terjed ki.<\/p>\n<p>Amennyiben az Elad\u00f3 a fenti egy\u00fcttm\u0171k\u00f6d\u00e9si k\u00f6telezetts\u00e9g\u00e9nek nem tesz eleget, a Fogyaszt\u00f3v\u00e9delmi Hat\u00f3s\u00e1g hat\u00e1sk\u00f6r\u00e9be ker\u00fcl az \u00fcgy, mely szerint a c\u00e9gek jogs\u00e9rt\u0151 magatart\u00e1sakor <strong>k\u00f6telez\u0151 b\u00edrs\u00e1gkiszab\u00e1s<\/strong>\u00a0van \u00e9rv\u00e9nyben, ett\u0151l eltekinteni nem lehet.<\/p>\n<p>A Fogyaszt\u00f3 k\u00e9relmezheti a B\u00e9k\u00e9ltet\u0151 Test\u00fcleti elj\u00e1r\u00e1s megind\u00edt\u00e1s\u00e1t. A k\u00e9relmet \u00edr\u00e1sban (lev\u00e9l, fax, t\u00e1virat \u00fatj\u00e1n, illetve a B\u00e9k\u00e9ltet\u0151 Test\u00fclet weboldal\u00e1n, elektronikus form\u00e1ban), a B\u00e9k\u00e9ltet\u0151 Test\u00fclet eln\u00f6k\u00e9hez sz\u00fcks\u00e9ges eljuttatni.<\/p>\n<p><strong>A k\u00e9relemnek tartalmaznia kell:<\/strong><\/p>\n<ul>\n<li>A Fogyaszt\u00f3 nev\u00e9t, lak\u00f3hely\u00e9t\/tart\u00f3zkod\u00e1si hely\u00e9t, el\u00e9rhet\u0151s\u00e9g\u00e9t<\/li>\n<li>A fogyaszt\u00f3i jogvit\u00e1val \u00e9rintett c\u00e9g nev\u00e9t, sz\u00e9khely\u00e9t\/telephely\u00e9t<\/li>\n<li>A Fogyaszt\u00f3 \u00e1ll\u00e1spontj\u00e1t \u00e9s az azzal kapcsolatos bizony\u00edt\u00e9kokat, t\u00e9nyeket<\/li>\n<li>A Fogyaszt\u00f3 nyilatkozat\u00e1t, hogy megk\u00eds\u00e9relte a vit\u00e1s \u00fcgy rendez\u00e9s\u00e9t k\u00f6zvetlen\u00fcl az \u00e9rintett v\u00e1llalkoz\u00e1ssal<\/li>\n<li>A Fogyaszt\u00f3 nyilatkozat\u00e1t, hogy m\u00e1s B\u00e9k\u00e9ltet\u0151 Test\u00fcleti elj\u00e1r\u00e1st nem kezdem\u00e9nyezett az \u00fcgyben, nem ind\u00edtott k\u00f6zvet\u00edt\u0151i elj\u00e1r\u00e1st, keresetlevelet nem adott be, fizet\u00e9si meghagy\u00e1s kibocs\u00e1t\u00e1s\u00e1ra ir\u00e1nyul\u00f3 k\u00e9relmet nem terjesztett el\u0151<\/li>\n<li>A Test\u00fclet d\u00f6nt\u00e9s\u00e9re ir\u00e1nyul\u00f3 ind\u00edtv\u00e1nyt<\/li>\n<li>A Fogyaszt\u00f3 al\u00e1\u00edr\u00e1s\u00e1t<\/li>\n<li>Amennyiben a Fogyaszt\u00f3 az illet\u00e9kes B\u00e9k\u00e9ltet\u0151 Test\u00fclet helyett m\u00e1s test\u00fcleti illet\u00e9kess\u00e9get k\u00e9relmezett, annak megjel\u00f6l\u00e9s\u00e9t<\/li>\n<\/ul>\n<p>Mindenk\u00e9ppen csatolni sz\u00fcks\u00e9ges a k\u00e9relemhez azon okiratot vagy annak m\u00e1solat\u00e1t, mely tartalm\u00e1ra bizony\u00edt\u00e9kk\u00e9nt hivatkozik a Fogyaszt\u00f3.<\/p>\n<p>Amennyiben meghatalmazott j\u00e1r el a panasz \u00fcgy\u00e9ben, a k\u00e9relemhez mell\u00e9kelni sz\u00fcks\u00e9ges a Fogyaszt\u00f3 \u00e1ltal kiadott meghatalmaz\u00e1st.<\/p>\n<p>Tov\u00e1bbi inform\u00e1ci\u00f3 a B\u00e9k\u00e9ltet\u0151 Test\u00fcletekr\u0151l: <a href=\"http:\/\/www.bekeltetes.hu\/\">http:\/\/www.bekeltetes.hu<\/a><\/p>\n<p><strong>A ter\u00fcletileg illet\u00e9kes B\u00e9k\u00e9ltet\u0151 Test\u00fcletek el\u00e9rhet\u0151s\u00e9gei:<\/strong><\/p>\n<p><strong>Baranya Megyei B\u00e9k\u00e9ltet\u0151 Test\u00fclet<\/strong><\/p>\n<p>7625 P\u00e9cs, Majorosy Imre u. 36.<\/p>\n<p>(72) 507-154<\/p>\n<p>bekelteto@pbkik.hu<\/p>\n<p><strong>B\u00e1cs-Kiskun Megyei B\u00e9k\u00e9ltet\u0151 Test\u00fclet<\/strong><\/p>\n<p>6000 Kecskem\u00e9t, \u00c1rp\u00e1d krt. 4.<\/p>\n<p>(76) 501-525, (76) 501-500<\/p>\n<p>bkmkik@mail.datanet.hu<\/p>\n<p><strong>B\u00e9k\u00e9s Megyei B\u00e9k\u00e9ltet\u0151 Test\u00fclet<\/strong><\/p>\n<p>5600 B\u00e9k\u00e9scsaba, Penza ltp. 5.<\/p>\n<p>(66) 324-976, 446-354, 451-775<\/p>\n<p>bmkik@bmkik.hu<\/p>\n<p><strong>Borsod-Aba\u00faj-Zempl\u00e9n Megyei B\u00e9k\u00e9ltet\u0151 Test\u00fclet<\/strong><\/p>\n<p>3525 Miskolc, Szentp\u00e1li u. 1.<\/p>\n<p>(46) 501-091, 501-870<\/p>\n<p>kalna.zsuzsa@bokik.hu<\/p>\n<p><strong>Budapesti B\u00e9k\u00e9ltet\u0151 Test\u00fclet<\/strong><\/p>\n<p>1016 Budapest, Krisztina krt. 99.<\/p>\n<p>(1) 488-2131<\/p>\n<p>(1) 488-2186<\/p>\n<p>bekelteto.testulet@bkik.hu<\/p>\n<p><strong>Csongr\u00e1d Megyei B\u00e9k\u00e9ltet\u0151 Test\u00fclet<\/strong><\/p>\n<p>6721 Szeged, P\u00e1rizsi krt. 8-12.<\/p>\n<p>(62) 486-987<\/p>\n<p>E-mail c\u00edm: info@csmkik.hu<\/p>\n<p><strong>Fej\u00e9r Megyei B\u00e9k\u00e9ltet\u0151 Test\u00fclet<\/strong><\/p>\n<p>8000 Sz\u00e9kesfeh\u00e9rv\u00e1r, Hossz\u00fas\u00e9ta t\u00e9r 4-6.<\/p>\n<p>(22) 510-310<\/p>\n<p>fmkik@fmkik.hu<\/p>\n<p><strong>Gy\u0151r-Moson-Sopron Megyei B\u00e9k\u00e9ltet\u0151 Test\u00fclet<\/strong><\/p>\n<p>9021 Gy\u0151r, Szent Istv\u00e1n \u00fat 10\/a.<\/p>\n<p>(96) 520-217<\/p>\n<p>bekelteto@gymskik.hu<strong>\u00a0<\/strong><\/p>\n<p><strong>Hajd\u00fa-Bihar Megyei B\u00e9k\u00e9ltet\u0151 Test\u00fclet<\/strong><\/p>\n<p>4025 Debrecen, Pet\u0151fi t\u00e9r 10.<\/p>\n<p>(52) 500-749<\/p>\n<p>info@hbkik.hu<\/p>\n<p><strong>Heves Megyei B\u00e9k\u00e9ltet\u0151 Test\u00fclet<\/strong><\/p>\n<p>3300 Eger, Faiskola \u00fat 15.<\/p>\n<p>(36) 416-660\/105<\/p>\n<p>hkik@hkik.hu<\/p>\n<p><strong>J\u00e1sz-Nagykun-Szolnok Megyei B\u00e9k\u00e9ltet\u0151 Test\u00fclet<\/strong><\/p>\n<p>5000 Szolnok, Verseghy park 8.<\/p>\n<p>(56) 510-610<\/p>\n<p>kamara@jnszmkik.hu<\/p>\n<p><strong>Kom\u00e1rom-Esztergom Megyei B\u00e9k\u00e9ltet\u0151 Test\u00fclet<\/strong><\/p>\n<p>2800 Tatab\u00e1nya, F\u0151 t\u00e9r 36.<\/p>\n<p>(34) 513-010<\/p>\n<p>kemkik@kemkik.hu<\/p>\n<p><strong>N\u00f3gr\u00e1d Megyei B\u00e9k\u00e9ltet\u0151 Test\u00fclet<\/strong><\/p>\n<p>3100 Salg\u00f3tarj\u00e1n, Alkotm\u00e1ny \u00fat 9\/a<\/p>\n<p>(32) 520-860<\/p>\n<p>nkik@nkik.hu<\/p>\n<p><strong>Pest Megyei B\u00e9k\u00e9ltet\u0151 Test\u00fclet<\/strong><\/p>\n<p>1055 Budapest Kossuth t\u00e9r 6-8.<\/p>\n<p>(1)-474-7921<\/p>\n<p><strong>Somogy Megyei B\u00e9k\u00e9ltet\u0151 Test\u00fclet<\/strong><\/p>\n<p>7400 Kaposv\u00e1r, Anna utca 6.<\/p>\n<p>(82) 501-000<\/p>\n<p>skik@skik.hu<\/p>\n<p><strong>Szabolcs-Szatm\u00e1r-Bereg Megyei B\u00e9k\u00e9ltet\u0151 Test\u00fclet<\/strong><\/p>\n<p>4400 Ny\u00edregyh\u00e1za, Sz\u00e9chenyi u. 2.<\/p>\n<p>(42) 311-544, (42) 420-180<\/p>\n<p>endrediemese@invest.hu<strong>\u00a0<\/strong><\/p>\n<p><strong>Tolna Megyei B\u00e9k\u00e9ltet\u0151 Test\u00fclet<\/strong><\/p>\n<p>7100 Szeksz\u00e1rd, Arany J. u. 23-25.<\/p>\n<p>(74) 411-661<\/p>\n<p>kamara@tmkik.hu<\/p>\n<p><strong>Vas Megyei B\u00e9k\u00e9ltet\u0151 Test\u00fclet<\/strong><\/p>\n<p>9700 Szombathely, Honv\u00e9d t\u00e9r 2.<\/p>\n<p>(94) 312-356<\/p>\n<p>vmkik@vmkik.hu<\/p>\n<p><strong>Veszpr\u00e9m Megyei B\u00e9k\u00e9ltet\u0151 Test\u00fclet<\/strong><\/p>\n<p>8200 Veszpr\u00e9m, Budapest u. 3.<\/p>\n<p>(88) 429-008<\/p>\n<p>vkik@veszpremikamara.hu<\/p>\n<p><strong>Zala Megyei B\u00e9k\u00e9ltet\u0151 Test\u00fclet<\/strong><\/p>\n<p>8900 Zalaegerszeg, Pet\u0151fi utca 24.<\/p>\n<p>(92) 550-514<\/p>\n<p>zmkik@zmkik.hu<\/p>\n<p><strong>Online vitarendez\u00e9si platform:<\/strong><\/p>\n<p>Az Eur\u00f3pai Bizotts\u00e1g \u00e1ltal l\u00e9trehozott weboldalon, Fogyaszt\u00f3i regisztr\u00e1ci\u00f3t k\u00f6vet\u0151en, az oldalon tal\u00e1lhat\u00f3 k\u00e9relem kit\u00f6lt\u00e9s\u00e9vel a Fogyaszt\u00f3 rendezheti az online v\u00e1s\u00e1rl\u00e1ssal kapcsolatos jogvit\u00e1it b\u00edr\u00f3s\u00e1gi elj\u00e1r\u00e1s ind\u00edt\u00e1sa n\u00e9lk\u00fcl. Ez is egy m\u00f3dja a t\u00e1vols\u00e1gi korl\u00e1tok n\u00e9lk\u00fcli Fogyaszt\u00f3i jog\u00e9rv\u00e9nyes\u00edt\u00e9snek.<\/p>\n<p>\u00d6n panaszt tehet az online v\u00e1s\u00e1rolt term\u00e9kkel\/szolg\u00e1ltat\u00e1ssal kapcsolatban.<\/p>\n<p>\u00d6nnek \u00e9s az \u00d6n \u00e1ltal bepanaszolt c\u00e9gnek lehet\u0151s\u00e9ge van ezen az online vitarendez\u00e9si platformon egy\u00fctt kiv\u00e1lasztani, hogy mely vitarendez\u00e9si test\u00fcletet b\u00edzz\u00e1k meg a panasz kezel\u00e9s\u00e9vel.<\/p>\n<p>Az online vitarendez\u00e9si platform a k\u00f6vetkez\u0151 weboldalon \u00e9rhet\u0151 el:\u00a0<a href=\"https:\/\/webgate.ec.europa.eu\/odr\/main\/?event=main.home.show&amp;lng=HU\">https:\/\/webgate.ec.europa.eu\/odr\/main\/?event=main.home.show&amp;lng=HU<\/a><\/p>\n<p><strong>Szerz\u0151i jogok:<\/strong><\/p>\n<p>Jelen weboldal tartalma szerz\u0151i m\u0171nek min\u0151s\u00fcl a szerz\u0151i jogr\u00f3l sz\u00f3l\u00f3 1999. \u00e9vi LXXVI. t\u00f6rv\u00e9ny 1. \u00a7 (1) bekezd\u00e9se \u00e9rtelm\u00e9ben, szerz\u0151i jogi v\u00e9delem alatt \u00e1ll minden egyes r\u00e9sze. Tilos a weboldalunkon tal\u00e1lhat\u00f3 k\u00e9pek, sz\u00f6vegek enged\u00e9ly n\u00e9lk\u00fcli haszn\u00e1lata, tov\u00e1bb\u00e1 a weboldalunkat m\u00f3dos\u00edt\u00f3, k\u00e1rt\u00e9kony alkalmaz\u00e1sok haszn\u00e1lata, ugyanezen t\u00f6rv\u00e9ny 16. \u00a7 (1) bekezd\u00e9se szerint. Felh\u00edvjuk figyelm\u00e9t, hogy weboldalunkr\u00f3l, valamint adatb\u00e1zisunkb\u00f3l t\u00f6rt\u00e9n\u0151 anyagok, k\u00e9pek, vide\u00f3k, sz\u00f6vegek \u00e1tv\u00e9tel\u00e9re kiz\u00e1r\u00f3lag a jogtulajdonos \u00edr\u00e1sos hozz\u00e1j\u00e1rul\u00e1sa eset\u00e9n van lehet\u0151s\u00e9g, forr\u00e1smegjel\u00f6l\u00e9s felt\u00fcntet\u00e9se mellett.<\/p>\n<p><strong>R\u00e9szleges \u00e9rv\u00e9nytelens\u00e9g \u00e9s magatart\u00e1si k\u00f3dex:<\/strong><\/p>\n<p>Abban az esetben, ha az \u00c1ltal\u00e1nos Szerz\u0151d\u00e9si Felt\u00e9telek egy pontja jogilag hi\u00e1nyos\/hat\u00e1lytalan lenne, arra a r\u00e9szre a vonatkoz\u00f3 jogszab\u00e1lyok rendelkez\u00e9sei az ir\u00e1nyad\u00f3ak. A szerz\u0151d\u00e9s t\u00f6bbi r\u00e9sze tov\u00e1bbra is \u00e9rv\u00e9nyes.<\/p>\n<p><strong>Adatbeviteli hib\u00e1k jav\u00edt\u00e1sa \u00e9s felel\u0151ss\u00e9g az adatok val\u00f3s\u00e1g\u00e1\u00e9rt:<\/strong><\/p>\n<p>A megrendel\u00e9s folyamata sor\u00e1n, a rendel\u00e9s meger\u0151s\u00edt\u00e9se el\u0151tt adott a lehet\u0151s\u00e9g a megadott adatok m\u00f3dos\u00edt\u00e1s\u00e1ra, jav\u00edt\u00e1s\u00e1ra. Az \u00d6n \u00e1ltal megadott adatok pontoss\u00e1g\u00e1\u00e9rt felel\u0151ss\u00e9get nem v\u00e1llalunk. Ezen adatok alapj\u00e1n \u00e1ll\u00edtjuk ki a sz\u00e1ml\u00e1t \u00e9s a sz\u00e1ll\u00edt\u00e1si c\u00edmk\u00e9nt megjel\u00f6lt c\u00edmre k\u00e9zbes\u00edtj\u00fck a term\u00e9ke(ke)t. Rendel\u00e9se lead\u00e1s\u00e1val \u00d6n tudom\u00e1sul veszi, hogy az Elad\u00f3 jogosult az \u00d6n \u00e1ltal hib\u00e1san megadott adatokb\u00f3l ered\u0151 k\u00e1rokat, k\u00f6lts\u00e9geket \u00d6nre h\u00e1r\u00edtani. A hib\u00e1s adatbevitel miatt meghi\u00fasult teljes\u00edt\u00e9s\u00e9rt felel\u0151ss\u00e9get nem v\u00e1llalunk.<\/p>\n<p>Abban az esetben, ha a visszaigazol\u00f3 e-mailben veszi \u00e9szre, hogy hib\u00e1s adatot adott meg, k\u00e9rj\u00fck, halad\u00e9ktalanul, 24 \u00f3r\u00e1n bel\u00fcl jelezze fel\u00e9nk.<\/p>\n<p><strong>Rendel\u00e9s feldolgoz\u00e1sa \u00e9s a szerz\u0151d\u00e9s megk\u00f6t\u00e9se:<\/strong><\/p>\n<p>Webshopunkon kereszt\u00fcl b\u00e1rmikor leadhatja rendel\u00e9s\u00e9t. Rendel\u00e9s\u00e9r\u0151l automatikus visszaigazol\u00e1st kap, mely rendel\u00e9se be\u00e9rkez\u00e9s\u00e9t jelenti, azonban ez a visszaigazol\u00e1s nem min\u0151s\u00fcl az \u00d6n \u00e1ltal tett aj\u00e1nlat elfogad\u00e1s\u00e1nak. Ha rendel\u00e9s\u00e9t\u0151l sz\u00e1m\u00edtva 24 \u00f3r\u00e1n bel\u00fcl nem kap automatikus visszaigazol\u00e1st e-mailben, k\u00e9rj\u00fck, jelezze fel\u00e9nk, hiszen el\u0151fordulhat technikai probl\u00e9ma, elk\u00e9pzelhet\u0151, hogy emiatt nem \u00e9rkezett meg rendszer\u00fcnkbe rendel\u00e9se.<\/p>\n<p>Egy m\u00e1sodik e-mailben igazoljuk vissza az \u00d6n aj\u00e1nlat\u00e1t, ekkor j\u00f6n l\u00e9tre a szerz\u0151d\u00e9s.<\/p>\n<p><span style=\"font-size: large; color: #000000;\"><strong>Fizet\u00e9si m\u00f3dok:<\/strong><\/span><\/p>\n<p><span style=\"font-size: large; color: #000000;\"><strong>Banki \u00e1tutal\u00e1s:<\/strong><\/span><\/p>\n<p><span style=\"font-size: large; color: #000000;\">A fizet\u00e9s t\u00f6rt\u00e9nhet banki \u00e1tutal\u00e1ssal. A megrendel\u00e9s feldolgoz\u00e1s\u00e1t k\u00f6vet\u0151en koll\u00e9g\u00e1nk elk\u00fcldi \u00d6nnek az \u00e1tutal\u00e1shoz sz\u00fcks\u00e9ges adatokat. Miut\u00e1n utal\u00e1sa be\u00e9rkezett, 2 munkanapon bel\u00fcl az \u00d6n \u00e1ltal v\u00e1lasztott sz\u00e1ll\u00edt\u00e1si m\u00f3don feladjuk csomagj\u00e1t.\u00a0<\/span><\/p>\n<p><span style=\"font-size: large; color: #000000;\"><strong>K\u00e9szp\u00e9nzes fizet\u00e9s, szem\u00e9lyes \u00e1tv\u00e9telkor:<\/strong><\/span><\/p>\n<p><span style=\"font-size: large; color: #000000;\">A fizet\u00e9s t\u00f6rt\u00e9nhet k\u00e9szp\u00e9nzben k\u00f6zvetlen\u00fcl a csomag \u00e1tv\u00e9telekor. Pom\u00e1zi c\u00edm\u00fcnk\u00f6n, el\u0151re egyezettet id\u0151pontban.<\/span><\/p>\n<p><span style=\"color: #000000; font-size: large;\"><strong>\u00c1tv\u00e9teli m\u00f3dok:<\/strong><\/span><\/p>\n<p><span style=\"color: #000000; font-size: large;\"><strong>MPL fut\u00e1rszolg\u00e1lat:<\/strong><\/span><\/p>\n<p><span style=\"color: #000000; font-size: large;\">H\u00e1zhozsz\u00e1ll\u00edt\u00e1s eset\u00e9n \u00e9rv\u00e9nyes sz\u00e1ll\u00edt\u00e1si d\u00edjak. Sz\u00e1ll\u00edt\u00e1si id\u0151: felad\u00e1st\u00f3l sz\u00e1m\u00edtott 1-3 munkanap. Brutt\u00f3 1600 Forint 2 kg-ig.<\/span><\/p>\n<p><span style=\"color: #000000; font-size: large;\"><strong>FoxPost:<\/strong><\/span><\/p>\n<p><span style=\"color: #000000; font-size: large;\">A FoxPost egyszer\u0171, k\u00e9nyelmes csomag\u00e1tv\u00e9telt tesz lehet\u0151v\u00e9 orsz\u00e1gszerte t\u00f6bb mint 100 csomagautomat\u00e1val. Brutt\u00f3 679 Forint 2 kg-ig.<\/span><\/p>\n<p><span style=\"color: #000000; font-size: large;\"><strong>Pickpack pont: <\/strong><\/span><\/p>\n<p><span style=\"color: #000000; font-size: large;\">Neked nincs m\u00e1s dolgod, csak \u00fatba ejteni a v\u00e1lasztott pontot egy neked tetsz\u0151 id\u0151pontban.\u00a0Brutt\u00f3 1250 -forint 2 kg-ig.<\/span><\/p>\n<p><span style=\"color: #000000; font-size: large;\">Tov\u00e1bbi inform\u00e1ci\u00f3:\u00a0<a href=\"http:\/\/www.foxpost.hu\/csomagatvetel-hogyan\/\" style=\"color: #000000;\">http:\/\/www.foxpost.hu\/csomagatvetel-hogyan\/<\/a><\/span><\/p>\n<p><span style=\"color: #000000; font-size: large;\"><strong>Szem\u00e9lyes \u00e1tv\u00e9tel: <\/strong><\/span><\/p>\n<p><span style=\"color: #000000; font-size: large;\">Pom\u00e1zi c\u00edm\u00fcnk\u00f6n, el\u0151re egyezettet id\u0151pontban. (A c\u00edmen nem \u00fczemel bolt.)<\/span><\/p>\n<p><strong>Teljes\u00edt\u00e9si hat\u00e1rid\u0151:<\/strong><\/p>\n<p>A teljes\u00edt\u00e9si hat\u00e1rid\u0151 a megrendel\u00e9s visszaigazol\u00e1s\u00e1t\u00f3l sz\u00e1m\u00edtva 2-6\u00a0munkanap. Az ezen hat\u00e1rid\u0151t\u0151l val\u00f3 elt\u00e9r\u00e9st e-mailben jelezz\u00fck.<\/p>\n<p><strong>Jogfenntart\u00e1s \u00e9s kik\u00f6t\u00e9s:<\/strong><\/p>\n<p>Ha \u00d6n kor\u00e1bban rendelt t\u0151l\u00fcnk term\u00e9ket, de azt kisz\u00e1ll\u00edt\u00e1skor nem vette \u00e1t (kiv\u00e9ve azon esetet, melyben el\u00e1ll\u00e1si jog\u00e1val \u00e9lt), illetve a csomag \u201eNem kereste\u201d jelz\u00e9ssel visszaj\u00f6tt hozz\u00e1nk, csak abban az esetben v\u00e1llaljuk a megrendel\u00e9s teljes\u00edt\u00e9s\u00e9t, amennyiben a sz\u00e1ll\u00edt\u00e1si k\u00f6lts\u00e9get el\u0151re kifizeti.<\/p>\n<p><strong>Fogyaszt\u00f3i t\u00e1j\u00e9koztat\u00f3 a 45\/2014. (II. 26.) Korm. rendelet alapj\u00e1n:<\/strong><\/p>\n<p><strong>T\u00e1j\u00e9koztat\u00e1s a Fogyaszt\u00f3t megillet\u0151 el\u00e1ll\u00e1si jogr\u00f3l:<\/strong><\/p>\n<p>Fogyaszt\u00f3nak a Ptk. 8:1. \u00a7 1. bekezd\u00e9s 3. pontja alapj\u00e1n kiz\u00e1r\u00f3lag\u00a0a szakm\u00e1ja, \u00f6n\u00e1ll\u00f3 foglalkoz\u00e1sa, \u00fczleti tev\u00e9kenys\u00e9ge k\u00f6r\u00e9n k\u00edv\u00fcl elj\u00e1r\u00f3 term\u00e9szetes szem\u00e9ly min\u0151s\u00fcl, ennek \u00e9rtelm\u00e9ben\u00a0<strong>jogi szem\u00e9lyek nem \u00e9lhetnek az indokol\u00e1s n\u00e9lk\u00fcli el\u00e1ll\u00e1s jog\u00e1val!<\/strong><\/p>\n<p>A Fogyaszt\u00f3t a 45\/2014. (II. 26.) Korm. rendelet 20. \u00a7 alapj\u00e1n indokol\u00e1s n\u00e9lk\u00fcli el\u00e1ll\u00e1si jog illet meg. A Fogyaszt\u00f3 gyakorolhatja el\u00e1ll\u00e1si jog\u00e1t a term\u00e9k ad\u00e1sv\u00e9tel\u00e9re ir\u00e1nyul\u00f3 szerz\u0151d\u00e9s eset\u00e9n a term\u00e9k \u00e1tv\u00e9tel\u00e9nek napj\u00e1t\u00f3l sz\u00e1m\u00edtott 14 napos hat\u00e1rid\u0151n bel\u00fcl.<\/p>\n<p>A Fogyaszt\u00f3 el\u00e1ll\u00e1si jog\u00e1t gyakorolhatja a szerz\u0151d\u00e9s megk\u00f6t\u00e9s\u00e9nek \u00e9s a term\u00e9k \u00e1tv\u00e9tel\u00e9nek napja k\u00f6zti id\u0151szakban is.<\/p>\n<p>Amennyiben a szerz\u0151d\u00e9s megk\u00f6t\u00e9s\u00e9re a Fogyaszt\u00f3 tett aj\u00e1nlatot, megilleti \u0151t a szerz\u0151d\u00e9s megk\u00f6t\u00e9se el\u0151tt az aj\u00e1nlat visszavon\u00e1s\u00e1nak joga, mely megsz\u00fcnteti a szerz\u0151d\u00e9s megk\u00f6t\u00e9s\u00e9re ir\u00e1nyul\u00f3 aj\u00e1nlati k\u00f6t\u00f6tts\u00e9get.<\/p>\n<p><strong>El\u00e1ll\u00e1si nyilatkozat, Fogyaszt\u00f3 el\u00e1ll\u00e1si \u00e9s felmond\u00e1si joga:<\/strong><\/p>\n<p>A 45\/2014. (II. 26.) Korm. rendelet 20. \u00a7-ban biztos\u00edtott jog\u00e1t a Fogyaszt\u00f3 az erre vonatkoz\u00f3 nyilatkozata \u00fatj\u00e1n gyakorolhatja.<\/p>\n<p><strong>Fogyaszt\u00f3i el\u00e1ll\u00e1si nyilatkozat \u00e9rv\u00e9nyess\u00e9ge:<\/strong><\/p>\n<p>Hat\u00e1rid\u0151ben \u00e9rv\u00e9nyes\u00edtettnek tekintj\u00fck az el\u00e1ll\u00e1si jogot, amennyiben a Fogyaszt\u00f3 nyilatkozat\u00e1t\u00a0hat\u00e1rid\u0151n (14 napon) bel\u00fcl elk\u00fcldi r\u00e9sz\u00fcnkre.<\/p>\n<p>A Elad\u00f3 a Fogyaszt\u00f3 el\u00e1ll\u00e1si nyilatkozat\u00e1nak be\u00e9rkez\u00e9se ut\u00e1n elektronikusan visszaigazolja a Fogyaszt\u00f3 sz\u00e1m\u00e1ra az el\u00e1ll\u00e1si jog gyakorl\u00e1s\u00e1nak t\u00e9ny\u00e9t, illetve tudom\u00e1sul v\u00e9tel\u00e9t.<\/p>\n<p><strong>C\u00e9g\u00fcnk k\u00f6telezetts\u00e9ge a Fogyaszt\u00f3 el\u00e1ll\u00e1sa eset\u00e9n:<\/strong><\/p>\n<p><strong>Az Elad\u00f3 visszat\u00e9r\u00edt\u00e9si k\u00f6telezetts\u00e9ge:<\/strong><\/p>\n<p>Ha a Fogyaszt\u00f3 a 45\/2014. (II. 26.) Korm. rendelet 22. \u00a7 alapj\u00e1n el\u00e1ll a szerz\u0151d\u00e9st\u0151l, az Elad\u00f3 az el\u00e1ll\u00e1sr\u00f3l t\u00f6rt\u00e9n\u0151 tudom\u00e1sszerz\u00e9st\u0151l sz\u00e1m\u00edtott 14 napon bel\u00fcl visszat\u00e9r\u00edti a Fogyaszt\u00f3 \u00e1ltal megfizetett teljes \u00f6sszeget.<\/p>\n<p><strong>C\u00e9g\u00fcnk visszat\u00e9r\u00edt\u00e9si k\u00f6telezetts\u00e9g\u00e9nek m\u00f3dja:<\/strong><\/p>\n<p>A 45\/2014. (II. 26.) Korm. rendelet 22. \u00a7 alapj\u00e1n t\u00f6rt\u00e9n\u0151 el\u00e1ll\u00e1s\/felmond\u00e1s eset\u00e9n az Elad\u00f3 a Fogyaszt\u00f3nak visszaj\u00e1r\u00f3 \u00f6sszeget a Fogyaszt\u00f3 \u00e1ltal ig\u00e9nybe vett fizet\u00e9si m\u00f3ddal megegyez\u0151en t\u00e9r\u00edti vissza. A Fogyaszt\u00f3 j\u00f3v\u00e1hagy\u00e1sa eset\u00e9n az Elad\u00f3 a visszat\u00e9r\u00edt\u00e9sre m\u00e1s fizet\u00e9si m\u00f3dot is alkalmazhat, azonban a Fogyaszt\u00f3t ebb\u0151l ad\u00f3d\u00f3 t\u00f6bbletd\u00edj nem terhelheti. A Fogyaszt\u00f3 \u00e1ltal hib\u00e1san megadott banksz\u00e1mlasz\u00e1m vagy postac\u00edm miatti k\u00e9sedelmes teljes\u00edt\u00e9s folyt\u00e1n az Elad\u00f3t nem terheli felel\u0151ss\u00e9g.<\/p>\n<p><strong>T\u00f6bbletk\u00f6lts\u00e9gek:<\/strong><\/p>\n<p>Ha a Fogyaszt\u00f3 a szok\u00e1sos, kev\u00e9sb\u00e9 k\u00f6lts\u00e9ges sz\u00e1ll\u00edt\u00e1si m\u00f3dt\u00f3l elt\u00e9r\u0151 sz\u00e1ll\u00edt\u00e1si m\u00f3dot v\u00e1laszt, az Elad\u00f3 nem k\u00f6teles visszat\u00e9r\u00edteni az ebb\u0151l ered\u0151 t\u00f6bbletk\u00f6lts\u00e9get. Ilyenkor visszat\u00e9r\u00edt\u00e9si k\u00f6telezetts\u00e9g a felt\u00fcntetett \u00e1ltal\u00e1nos sz\u00e1ll\u00edt\u00e1si d\u00edjt\u00e9telek erej\u00e9ig \u00e1ll fenn.<\/p>\n<p><strong>Visszatart\u00e1si jog:<\/strong><\/p>\n<p>C\u00e9g\u00fcnk visszatarthatja a Fogyaszt\u00f3nak visszaj\u00e1r\u00f3 \u00f6sszeget, am\u00edg a Fogyaszt\u00f3 vissza nem k\u00fcldte a term\u00e9ket vagy egy\u00e9rtelm\u0171en nem igazolta, hogy visszak\u00fcldte. Ut\u00e1nv\u00e9ttel, illetve port\u00f3san feladott csomagokat nem fogadunk el.<\/p>\n<p><strong>Fogyaszt\u00f3 k\u00f6telezetts\u00e9gei el\u00e1ll\u00e1sa\/felmond\u00e1sa eset\u00e9n:<\/strong><\/p>\n<p><strong>Term\u00e9k visszaszolg\u00e1ltat\u00e1sa:<\/strong><\/p>\n<p>Ha a Fogyaszt\u00f3 a 45\/2014. (II. 26.) Korm. rendelet 22. \u00a7 alapj\u00e1n el\u00e1ll a szerz\u0151d\u00e9st\u0151l, a term\u00e9ket halad\u00e9ktalanul, legk\u00e9s\u0151bb az el\u00e1ll\u00e1s k\u00f6zl\u00e9s\u00e9t\u0151l sz\u00e1m\u00edtott 14 napon bel\u00fcl k\u00f6teles visszak\u00fcldeni vagy a term\u00e9k \u00e1tv\u00e9tel\u00e9re jogosult szem\u00e9lynek \u00e1tadni.<\/p>\n<p><strong>Term\u00e9k visszaszolg\u00e1ltat\u00e1s\u00e1val kapcsolatos k\u00f6lts\u00e9gek visel\u00e9se:<\/strong><\/p>\n<p>A term\u00e9k visszak\u00fcld\u00e9s\u00e9nek k\u00f6lts\u00e9ge a Fogyaszt\u00f3t terheli. A term\u00e9ket az Elad\u00f3 c\u00edm\u00e9re sz\u00fcks\u00e9ges visszak\u00fcldeni. Ha a Fogyaszt\u00f3 a szerz\u0151d\u00e9st a teljes\u00edt\u00e9s megkezd\u00e9se ut\u00e1n mondja fel, a felmond\u00e1s v\u00e1llalkoz\u00e1ssal val\u00f3 k\u00f6zl\u00e9se id\u0151pontj\u00e1ig teljes\u00edtett szolg\u00e1ltat\u00e1ssal ar\u00e1nyos d\u00edjat k\u00f6teles az Elad\u00f3 r\u00e9sz\u00e9re megfizetni. A Fogyaszt\u00f3 \u00e1ltal ar\u00e1nyosan fizetend\u0151 \u00f6sszeget a szerz\u0151d\u00e9sben meg\u00e1llap\u00edtott ellenszolg\u00e1ltat\u00e1s ad\u00f3val n\u00f6velt teljes \u00f6sszege alapj\u00e1n kell meg\u00e1llap\u00edtani. Ut\u00e1nv\u00e9ttel, illetve port\u00f3san feladott csomagokat nem fogadunk el.<\/p>\n<p><strong>Fogyaszt\u00f3 felel\u0151ss\u00e9ge az \u00e9rt\u00e9kcs\u00f6kken\u00e9s\u00e9rt:<\/strong><\/p>\n<p>A Fogyaszt\u00f3 felel a term\u00e9k jelleg\u00e9nek, tulajdons\u00e1g\u00e1nak, m\u0171k\u00f6d\u00e9s\u00e9nek meg\u00e1llap\u00edt\u00e1s\u00e1hoz sz\u00fcks\u00e9ges haszn\u00e1latot meghalad\u00f3 haszn\u00e1latb\u00f3l ered\u0151 \u00e9rt\u00e9kcs\u00f6kken\u00e9s\u00e9rt.<\/p>\n<p>Az Elad\u00f3 a v\u00e9tel\u00e1r teljes \u00f6sszeg\u00e9t csak a hib\u00e1tlan \u00e9s hi\u00e1nytalan, eredeti csomagol\u00e1s\u00e1ban visszak\u00fcld\u00f6tt term\u00e9k eset\u00e9n k\u00f6teles visszat\u00e9r\u00edteni.<\/p>\n<p><strong>El\u00e1ll\u00e1si jog a k\u00f6vetkez\u0151 esetekben nem gyakorolhat\u00f3:<\/strong><\/p>\n<p>Felh\u00edvjuk figyelm\u00e9t, hogy \u00d6n nem gyakorolhatja el\u00e1ll\u00e1si jog\u00e1t a 45\/2014 (II.26.) Korm. Rendelet 29. \u00a7. (1) bekezd\u00e9s\u00e9ben foglalt esetekben:<\/p>\n<ol>\n<li>a szolg\u00e1ltat\u00e1s ny\u00fajt\u00e1s\u00e1ra ir\u00e1nyul\u00f3 szerz\u0151d\u00e9s eset\u00e9ben a szolg\u00e1ltat\u00e1s eg\u00e9sz\u00e9nek teljes\u00edt\u00e9s\u00e9t k\u00f6vet\u0151en, ha a v\u00e1llalkoz\u00e1s a teljes\u00edt\u00e9st a fogyaszt\u00f3 kifejezett, el\u0151zetes beleegyez\u00e9s\u00e9vel kezdte meg, \u00e9s a fogyaszt\u00f3 tudom\u00e1sul vette, hogy a szolg\u00e1ltat\u00e1s eg\u00e9sz\u00e9nek teljes\u00edt\u00e9s\u00e9t k\u00f6vet\u0151en felmond\u00e1si jog\u00e1t elvesz\u00edti;<\/li>\n<li>olyan term\u00e9k vagy szolg\u00e1ltat\u00e1s tekintet\u00e9ben, amelynek \u00e1ra, illetve d\u00edja a p\u00e9nzpiac v\u00e1llalkoz\u00e1s \u00e1ltal nem befoly\u00e1solhat\u00f3, a 20. \u00a7 (2) bekezd\u00e9s\u00e9ben meghat\u00e1rozott hat\u00e1rid\u0151 alatt is lehets\u00e9ges ingadoz\u00e1s\u00e1t\u00f3l f\u00fcgg;<\/li>\n<li>olyan nem el\u0151re gy\u00e1rtott term\u00e9k eset\u00e9ben, amelyet a fogyaszt\u00f3 utas\u00edt\u00e1sa alapj\u00e1n vagy kifejezett k\u00e9r\u00e9s\u00e9re \u00e1ll\u00edtottak el\u0151, vagy olyan term\u00e9k eset\u00e9ben, amelyet egy\u00e9rtelm\u0171en a fogyaszt\u00f3 szem\u00e9ly\u00e9re szabtak;<\/li>\n<li>olyan z\u00e1rt csomagol\u00e1s\u00fa term\u00e9k tekintet\u00e9ben, amely eg\u00e9szs\u00e9gv\u00e9delmi vagy higi\u00e9niai okokb\u00f3l az \u00e1tad\u00e1st k\u00f6vet\u0151 felbont\u00e1sa ut\u00e1n nem k\u00fcldhet\u0151 vissza;<\/li>\n<\/ol>\n<p><strong>Kell\u00e9kszavatoss\u00e1g:<\/strong><\/p>\n<p><strong>Kell\u00e9kszavatoss\u00e1g, term\u00e9kszavatoss\u00e1g, j\u00f3t\u00e1ll\u00e1s:<\/strong><\/p>\n<p>A Fogyaszt\u00f3i t\u00e1j\u00e9koztat\u00f3 ezen pontja a 45\/2014 (II.26.) Korm. rendelet 9. \u00a7 (3) bekezd\u00e9se felhatalmaz\u00e1sa alapj\u00e1n a 45\/2014 (II.26.) Korm. rendelet 3. sz\u00e1m\u00fa mell\u00e9klete alkalmaz\u00e1s\u00e1val k\u00e9sz\u00fclt.<\/p>\n<p><strong>Milyen jogok illetik meg \u00d6nt kell\u00e9kszavatoss\u00e1gi ig\u00e9nye alapj\u00e1n?<\/strong><\/p>\n<p>K\u00e9rheti a term\u00e9k jav\u00edt\u00e1s\u00e1t vagy cser\u00e9j\u00e9t, kiv\u00e9ve, ha az \u00d6n \u00e1ltal v\u00e1lasztott lehet\u0151s\u00e9g teljes\u00edt\u00e9se lehetetlen vagy az Elad\u00f3 sz\u00e1m\u00e1ra ar\u00e1nytalan t\u00f6bbletk\u00f6lts\u00e9ggel j\u00e1rna.<\/p>\n<p><strong>Milyen hat\u00e1rid\u0151ben \u00e9rv\u00e9nyes\u00edtheti \u00d6n kell\u00e9kszavatoss\u00e1gi ig\u00e9ny\u00e9t?<\/strong><\/p>\n<p>Az \u00d6n k\u00f6teless\u00e9ge a hib\u00e1t annak felfedez\u00e9s\u00e9t k\u00f6vet\u0151en halad\u00e9ktalanul, legk\u00e9s\u0151bb 2 h\u00f3napon bel\u00fcl jelezni. A szerz\u0151d\u00e9s teljes\u00edt\u00e9s\u00e9t\u0151l sz\u00e1m\u00edtott 6 h\u00f3napos el\u00e9v\u00fcl\u00e9si hat\u00e1rid\u0151n t\u00fal kell\u00e9kszavatoss\u00e1gi jogait nem \u00e9rv\u00e9nyes\u00edtheti.<\/p>\n<p><strong>Milyen egy\u00e9b felt\u00e9tele van kell\u00e9kszavatoss\u00e1gi jogai \u00e9rv\u00e9nyes\u00edt\u00e9s\u00e9nek?<\/strong><\/p>\n<p>A teljes\u00edt\u00e9st\u0151l sz\u00e1m\u00edtott 6 h\u00f3napon bel\u00fcl kell\u00e9kszavatoss\u00e1gi ig\u00e9nye \u00e9rv\u00e9nyes\u00edt\u00e9s\u00e9nek a hiba k\u00f6zl\u00e9s\u00e9n t\u00fal nincs egy\u00e9b felt\u00e9tele, ha \u00d6n igazolja, hogy a term\u00e9ket, illetve a szolg\u00e1ltat\u00e1st c\u00e9g\u00fcnk ny\u00fajtotta. A teljes\u00edt\u00e9st\u0151l sz\u00e1m\u00edtott 6 h\u00f3nap letelt\u00e9t k\u00f6vet\u0151en viszont \u00d6nnek kell bizony\u00edtani, hogy a hiba m\u00e1r a teljes\u00edt\u00e9s id\u0151pontj\u00e1ban is megvolt.<\/p>\n<p><strong>Term\u00e9kszavatoss\u00e1g:<\/strong><\/p>\n<p><strong>Milyen esetben \u00e9lhet \u00d6n term\u00e9kszavatoss\u00e1gi jog\u00e1val?<\/strong><\/p>\n<p>A term\u00e9k hib\u00e1ja eset\u00e9n v\u00e1laszt\u00e1sa szerint \u00d6n kell\u00e9kszavatoss\u00e1gi vagy term\u00e9kszavatoss\u00e1gi ig\u00e9ny\u00e9t \u00e9rv\u00e9nyes\u00edtheti.<\/p>\n<p><strong>Milyen jogok illetik meg \u00d6nt term\u00e9kszavatoss\u00e1gi ig\u00e9nye alapj\u00e1n?<\/strong><\/p>\n<p>Term\u00e9kszavatoss\u00e1gi ig\u00e9nyk\u00e9nt \u00d6n kiz\u00e1r\u00f3lag a hib\u00e1s term\u00e9k kijav\u00edt\u00e1s\u00e1t vagy kicser\u00e9l\u00e9s\u00e9t k\u00e9rheti.<\/p>\n<p><strong>Milyen esetben min\u0151s\u00fcl a term\u00e9k hib\u00e1snak?<\/strong><\/p>\n<p>A term\u00e9k hib\u00e1s, ha a forgalomba hozatalakor hat\u00e1lyos min\u0151s\u00e9gi k\u00f6vetelm\u00e9nyeknek nem felel meg vagy ha nem rendelkezik a gy\u00e1rt\u00f3 \u00e1ltal adott le\u00edr\u00e1sban szerepl\u0151 tulajdons\u00e1gokkal.<\/p>\n<p><strong>Milyen hat\u00e1rid\u0151ben \u00e9rv\u00e9nyes\u00edtheti \u00d6n term\u00e9kszavatoss\u00e1gi ig\u00e9ny\u00e9t?<\/strong><\/p>\n<p>\u00d6n term\u00e9kszavatoss\u00e1gi ig\u00e9ny\u00e9t a term\u00e9k gy\u00e1rt\u00f3 \u00e1ltali forgalomba hozatal\u00e1t\u00f3l sz\u00e1m\u00edtott 6 h\u00f3napon bel\u00fcl \u00e9rv\u00e9nyes\u00edtheti. E hat\u00e1rid\u0151 eltelt\u00e9vel e jogosults\u00e1g\u00e1t elveszti.<\/p>\n<p><strong>Kivel szemben \u00e9s milyen egy\u00e9b felt\u00e9tellel \u00e9rv\u00e9nyes\u00edtheti term\u00e9kszavatoss\u00e1gi ig\u00e9ny\u00e9t?<\/strong><\/p>\n<p>Term\u00e9kszavatoss\u00e1gi ig\u00e9ny\u00e9t csakis az ing\u00f3 dolog gy\u00e1rt\u00f3j\u00e1val\/forgalmaz\u00f3j\u00e1val szemben gyakorolhatja. \u00d6nnek kell bizony\u00edtania a term\u00e9k hib\u00e1j\u00e1t term\u00e9kszavatoss\u00e1gi ig\u00e9ny \u00e9rv\u00e9nyes\u00edt\u00e9se eset\u00e9n.<\/p>\n<p><strong>Milyen esetben mentes\u00fcl a gy\u00e1rt\u00f3\/forgalmaz\u00f3 term\u00e9kszavatoss\u00e1gi k\u00f6telezetts\u00e9ge al\u00f3l?<\/strong><\/p>\n<p>A gy\u00e1rt\u00f3\/forgalmaz\u00f3 kiz\u00e1r\u00f3lag akkor mentes\u00fcl term\u00e9kszavatoss\u00e1gi k\u00f6telezetts\u00e9ge al\u00f3l, ha bizony\u00edtani tudja, hogy:<\/p>\n<ul>\n<li>A hiba a tudom\u00e1ny \u00e9s technika \u00e1ll\u00e1sa szerint a forgalomba hozatal id\u0151pontj\u00e1ban nem volt felismerhet\u0151<\/li>\n<li>A term\u00e9k hib\u00e1ja jogszab\u00e1ly vagy k\u00f6telez\u0151 hat\u00f3s\u00e1gi el\u0151\u00edr\u00e1s alkalmaz\u00e1s\u00e1b\u00f3l ered<\/li>\n<li>A term\u00e9ket nem \u00fczleti tev\u00e9kenys\u00e9ge k\u00f6r\u00e9ben gy\u00e1rtotta, illetve hozta forgalomba<\/li>\n<\/ul>\n<p>A gy\u00e1rt\u00f3nak\/forgalmaz\u00f3nak a mentes\u00fcl\u00e9shez elegend\u0151 1 okot bizony\u00edtania.<\/p>\n<p>K\u00e9rj\u00fck, vegye figyelembe, hogy ugyanazon hiba miatt kell\u00e9kszavatoss\u00e1gi \u00e9s term\u00e9kszavatoss\u00e1gi ig\u00e9nyt egyszerre, p\u00e1rhuzamosan nem \u00e9rv\u00e9nyes\u00edthet. Term\u00e9kszavatoss\u00e1gi ig\u00e9ny eredm\u00e9nyes \u00e9rv\u00e9nyes\u00edt\u00e9se eset\u00e9n azonban a kicser\u00e9lt term\u00e9kre\/kijav\u00edtott r\u00e9szre vonatkoz\u00f3an \u00e9rv\u00e9nyes\u00edtheti kell\u00e9kszavatoss\u00e1gi ig\u00e9ny\u00e9t a gy\u00e1rt\u00f3val szemben.<\/p>\n<p><strong>J\u00f3t\u00e1ll\u00e1s:<\/strong><\/p>\n<p><strong>Milyen esetben \u00e9lhet \u00d6n j\u00f3t\u00e1ll\u00e1si jog\u00e1val?<\/strong><\/p>\n<p>Hib\u00e1s teljes\u00edt\u00e9s fenn\u00e1ll\u00e1sa eset\u00e9n a tart\u00f3s fogyaszt\u00e1si cikkekre vonatkoz\u00f3 k\u00f6telez\u0151 j\u00f3t\u00e1ll\u00e1sr\u00f3l sz\u00f3l\u00f3 151\/2003. (IX. 22.) Korm. rendelet\u00a0alapj\u00e1n az Elad\u00f3 j\u00f3t\u00e1ll\u00e1sra k\u00f6teles.<\/p>\n<p><strong>Milyen jogok \u00e9s milyen hat\u00e1rid\u0151n bel\u00fcl illetik meg \u00d6nt a j\u00f3t\u00e1ll\u00e1s alapj\u00e1n?<\/strong><\/p>\n<p>A tart\u00f3s fogyaszt\u00e1si cikkekre vonatkoz\u00f3 k\u00f6telez\u0151 j\u00f3t\u00e1ll\u00e1sr\u00f3l sz\u00f3l\u00f3 151\/2003. (IX. 22.) Korm. rendelet meghat\u00e1rozza a k\u00f6telez\u0151 j\u00f3t\u00e1ll\u00e1s eseteit. Az ezen k\u00edv\u00fcl es\u0151 term\u00e9kek eset\u00e9n C\u00e9g\u00fcnk nem v\u00e1llal j\u00f3t\u00e1ll\u00e1st. J\u00f3t\u00e1ll\u00e1si ig\u00e9nyt a j\u00f3t\u00e1ll\u00e1si hat\u00e1rid\u0151n bel\u00fcl lehet \u00e9rv\u00e9nyes\u00edteni. Ha a j\u00f3t\u00e1ll\u00e1sra k\u00f6telezett k\u00f6telezetts\u00e9g\u00e9nek a jogosult felh\u00edv\u00e1s\u00e1ra megfelel\u0151 hat\u00e1rid\u0151n bel\u00fcl nem tesz eleget, a j\u00f3t\u00e1ll\u00e1si ig\u00e9ny a felh\u00edv\u00e1sban kijel\u00f6lt hat\u00e1rid\u0151 eltelt\u00e9t\u0151l sz\u00e1m\u00edtott 3 h\u00f3napon bel\u00fcl akkor is \u00e9rv\u00e9nyes\u00edthet\u0151 b\u00edr\u00f3s\u00e1g el\u0151tt, ha a j\u00f3t\u00e1ll\u00e1si id\u0151 m\u00e1r lej\u00e1rt. E hat\u00e1rid\u0151 elmulaszt\u00e1sa jogveszt\u00e9ssel j\u00e1r. A j\u00f3t\u00e1ll\u00e1si ig\u00e9ny \u00e9rv\u00e9nyes\u00edt\u00e9s\u00e9re a kell\u00e9kszavatoss\u00e1gi jogok gyakorl\u00e1s\u00e1ra vonatkoz\u00f3 szab\u00e1lyokat sz\u00fcks\u00e9ges alkalmazni. A j\u00f3t\u00e1ll\u00e1s id\u0151tartama \u00a06 h\u00f3nap. E hat\u00e1rid\u0151 elmulaszt\u00e1sa jogveszt\u00e9ssel j\u00e1r. A j\u00f3t\u00e1ll\u00e1si hat\u00e1rid\u0151 a fogyaszt\u00e1si cikk Fogyaszt\u00f3 r\u00e9sz\u00e9re t\u00f6rt\u00e9n\u0151 \u00e1tad\u00e1sa vagy az \u00fczembe helyez\u00e9s (amennyiben azt az Elad\u00f3 v\u00e9gzi), napj\u00e1val kezd\u0151dik. Az egy \u00e9ven t\u00fali j\u00f3t\u00e1ll\u00e1ssal kapcsolatos \u00fcgyekben k\u00e9rj\u00fck, forduljon a gy\u00e1rt\u00f3hoz!<\/p>\n<p><strong>Mikor mentes\u00fcl az Elad\u00f3 j\u00f3t\u00e1ll\u00e1si k\u00f6telezetts\u00e9ge al\u00f3l?<\/strong><\/p>\n<p>Az Elad\u00f3 j\u00f3t\u00e1ll\u00e1si k\u00f6telezetts\u00e9ge al\u00f3l kiz\u00e1r\u00f3lag akkor mentes\u00fcl, ha bizony\u00edtja, hogy a hiba oka a teljes\u00edt\u00e9s ut\u00e1n keletkezett.<\/p>\n<p>K\u00e9rj\u00fck, vegye figyelembe, hogy ugyanazon hiba miatt kell\u00e9kszavatoss\u00e1gi \u00e9s j\u00f3t\u00e1ll\u00e1si ig\u00e9nyt, illetve term\u00e9kszavatoss\u00e1gi \u00e9s j\u00f3t\u00e1ll\u00e1si ig\u00e9nyt egyszerre, p\u00e1rhuzamosan nem \u00e9rv\u00e9nyes\u00edthet.<\/p>\n<p>[\/et_pb_text][\/et_pb_column][\/et_pb_row][\/et_pb_section]<\/p>\n","protected":false},"excerpt":{"rendered":"<p>(\u00c1ltal\u00e1nos Szerz\u0151d\u00e9si Felt\u00e9telek &nbsp; K\u00e9rj\u00fck, olvassa el alaposan \u00c1ltal\u00e1nos Szerz\u0151d\u00e9si Felt\u00e9teleinket, hiszen rendel\u00e9se lead\u00e1s\u00e1val elfogadja a jelen dokumentumban le\u00edrtakat! Amennyiben webshopunk haszn\u00e1lat\u00e1val, a v\u00e1s\u00e1rl\u00e1s folyamat\u00e1val, term\u00e9keinkkel vagy az \u00c1ltal\u00e1nos Szerz\u0151d\u00e9si Felt\u00e9telekkel kapcsolatos k\u00e9rd\u00e9se van, az al\u00e1bbi el\u00e9rhet\u0151s\u00e9geken kereszt\u00fcl veheti fel vel\u00fcnk a kapcsolatot: Az Elad\u00f3 adatai: C\u00e9gn\u00e9v: Gell\u00e9rtn\u00e9 Rikk \u00c9va E.V. Sz\u00e9khely: Pom\u00e1z, 2013, Illy\u00e9s [&hellip;]<\/p>\n","protected":false},"author":1,"featured_media":0,"parent":0,"menu_order":0,"comment_status":"closed","ping_status":"closed","template":"","meta":{"_et_pb_use_builder":"on","_et_pb_old_content":"","_et_gb_content_width":""},"_links":{"self":[{"href":"https:\/\/bonello.hu\/index.php?rest_route=\/wp\/v2\/pages\/301"}],"collection":[{"href":"https:\/\/bonello.hu\/index.php?rest_route=\/wp\/v2\/pages"}],"about":[{"href":"https:\/\/bonello.hu\/index.php?rest_route=\/wp\/v2\/types\/page"}],"author":[{"embeddable":true,"href":"https:\/\/bonello.hu\/index.php?rest_route=\/wp\/v2\/users\/1"}],"replies":[{"embeddable":true,"href":"https:\/\/bonello.hu\/index.php?rest_route=%2Fwp%2Fv2%2Fcomments&post=301"}],"version-history":[{"count":3,"href":"https:\/\/bonello.hu\/index.php?rest_route=\/wp\/v2\/pages\/301\/revisions"}],"predecessor-version":[{"id":323,"href":"https:\/\/bonello.hu\/index.php?rest_route=\/wp\/v2\/pages\/301\/revisions\/323"}],"wp:attachment":[{"href":"https:\/\/bonello.hu\/index.php?rest_route=%2Fwp%2Fv2%2Fmedia&parent=301"}],"curies":[{"name":"wp","href":"https:\/\/api.w.org\/{rel}","templated":true}]}}