{"id":325,"date":"2020-10-27T10:07:27","date_gmt":"2020-10-27T09:07:27","guid":{"rendered":"https:\/\/bonello.hu\/?page_id=325"},"modified":"2020-10-27T11:51:44","modified_gmt":"2020-10-27T10:51:44","slug":"gy-i-k","status":"publish","type":"page","link":"https:\/\/bonello.hu\/?page_id=325","title":{"rendered":"GY.I.K."},"content":{"rendered":"<p>[et_pb_section fb_built=&#8221;1&#8243; _builder_version=&#8221;4.6.6&#8243; _module_preset=&#8221;default&#8221;][et_pb_row _builder_version=&#8221;4.6.6&#8243; _module_preset=&#8221;default&#8221;][et_pb_column type=&#8221;4_4&#8243; _builder_version=&#8221;4.6.6&#8243; _module_preset=&#8221;default&#8221;][et_pb_text _builder_version=&#8221;4.6.6&#8243; _module_preset=&#8221;default&#8221; text_font=&#8221;Poppins||||||||&#8221; text_text_color=&#8221;#000000&#8243; inline_fonts=&#8221;Poppins&#8221;]<\/p>\n<p><span style=\"font-size: large;\"><strong><span color=\"#000000\" style=\"color: rgba(0, 0, 0, 0.84); font-family: Poppins;\">GY.I.K.<\/span><\/strong><\/span><\/p>\n<p><span color=\"#000000\" style=\"color: rgba(0, 0, 0, 0.84); font-family: Poppins; font-size: medium;\"><u>Egyedi megrendel\u00e9st le tudok adni?<\/u><\/span><\/p>\n<p><span color=\"#000000\" style=\"color: rgba(0, 0, 0, 0.84); font-family: Poppins; font-size: medium;\">Igen, term\u00e9szetesen. V\u00e1llalkoz\u00e1som f\u0151 profilja, hogy egyedi term\u00e9keket k\u00e9sz\u00edtsek. Ha van elk\u00e9pzel\u00e9se, de nem tudja megval\u00f3s\u00edtani, akkor elk\u00e9sz\u00edtem nagyon sz\u00edvesen.<\/span><\/p>\n<p><span color=\"#000000\" style=\"color: rgba(0, 0, 0, 0.84); font-family: Poppins; font-size: medium;\"><u>Hogyan rendelhetem meg a term\u00e9keket?<\/u><\/span><\/p>\n<p><span color=\"#000000\" style=\"color: rgba(0, 0, 0, 0.84); font-family: Poppins; font-size: medium;\">A k\u00e9szleten l\u00e9v\u0151 term\u00e9kek megrendel\u00e9s\u00e9nek lead\u00e1sa a\u00a0\u00a0<a href=\"http:\/\/www.bonello.hu\/\" target=\"_blank\" data-saferedirecturl=\"https:\/\/www.google.com\/url?q=http:\/\/www.bonello.hu&amp;source=gmail&amp;ust=1603874443688000&amp;usg=AFQjCNESag3_i09q8XVjznoKsTFqUkjf7A\" rel=\"noopener noreferrer\" style=\"color: rgba(0, 0, 0, 0.84);\">www.bonello.hu<\/a>\u00a0web\u00e1ruh\u00e1zban lehets\u00e9ges.\u00a0Egyedi megrendel\u00e9s eset\u00e9n vegye fel velem a kapcsolatot \u00e9s megbesz\u00e9lj\u00fck a r\u00e9szleteket pontosan.<\/span><\/p>\n<p><span color=\"#000000\" style=\"color: rgba(0, 0, 0, 0.84); font-family: Poppins; font-size: medium;\"><u>Mire figyeljek oda a megrendel\u00e9sn\u00e9l?<\/u><\/span><\/p>\n<p><span color=\"#000000\" style=\"color: rgba(0, 0, 0, 0.84); font-family: Poppins; font-size: medium;\">Az oldalon l\u00e9v\u0151 ruh\u00e1k k\u00e9szleten vannak, ezek pontos m\u00e9retekkel vannak ell\u00e1tva. A nagyobb m\u00e9ret\u0171 gyerek ruh\u00e1k k\u00fcl\u00f6n m\u00e9rve vannak a pontoss\u00e1g miatt, ami a le\u00edr\u00e1sban szerepel. A baba term\u00e9kek konfekci\u00f3 m\u00e9retez\u00e9ssel lettek jel\u00f6lve.\u00a0<\/span><\/p>\n<p><span style=\"color: rgba(0, 0, 0, 0.84); font-family: Poppins; font-size: medium;\">A m\u00e9rett\u00e1bl\u00e1zatban pontos m\u00e9retez\u00e9st tal\u00e1l, ha nem biztos melyik m\u00e9ret a megfelel\u0151.<\/span><\/p>\n<p><span style=\"color: rgba(0, 0, 0, 0.84); font-family: Poppins; font-size: medium;\"><u>Mit tegyek, ha tetszik valamelyik kisruha, de nincs k\u00e9szleten?<\/u><\/span><\/p>\n<p><span color=\"#000000\" face=\"verdana, geneva, sans-serif\" style=\"color: rgba(0, 0, 0, 0.84); font-family: Poppins; font-size: medium;\">Ebben az esetben k\u00e9rem vegye fel velem a kapcsolatot \u00e9s elk\u00e9sz\u00edtem a kiv\u00e1lasztott term\u00e9ket.<\/span><\/p>\n<p><span style=\"color: rgba(0, 0, 0, 0.84); font-family: Poppins; font-size: medium;\"><u>L\u00e1ttam egy sz\u00e9p ruh\u00e1t, de nem j\u00f3 m\u00e9retben vagy sz\u00ednben, mit tegyek?<\/u><\/span><\/p>\n<p><span color=\"#000000\" face=\"verdana, geneva, sans-serif\" style=\"color: rgba(0, 0, 0, 0.84); font-family: Poppins; font-size: medium;\">Nagyon sz\u00edvesen elk\u00e9sz\u00edtem m\u00e1s m\u00e9retben \u00e9s sz\u00ednben is a megtetszett darabot. Kisebb elt\u00e9r\u00e9sek\u00a0lehetnek az elk\u00e9sz\u00fclt ruh\u00e1n, mert nagy mennyis\u00e9g\u0171 textilt \u00e9s d\u00edsz\u00edt\u0151 kell\u00e9keket nem tartok. \u00c9ppen ez\u00e9rt egyedi \u00e9s k\u00fcl\u00f6nleges darabokat tudok l\u00e9trehozni mindig.\u00a0<\/span><\/p>\n<p><span style=\"color: rgba(0, 0, 0, 0.84); font-family: Poppins; font-size: medium;\">Keressen meg b\u00e1tran \u00e9s megbesz\u00e9lj\u00fck a pontos r\u00e9szleteket.<\/span><\/p>\n<p><span color=\"#000000\" style=\"color: rgba(0, 0, 0, 0.84); font-family: Poppins; font-size: medium;\"><u>Egyedi megrendel\u00e9s eset\u00e9n\u00a0m\u00f3dos\u00edthatom\u00a0a megrendel\u00e9sem?<\/u><\/span><\/p>\n<p><span color=\"#000000\" style=\"color: rgba(0, 0, 0, 0.84); font-family: Poppins; font-size: medium;\">A rendel\u00e9s visszaigazol\u00e1sa ut\u00e1n m\u00e1r nem lehet m\u00f3dos\u00edtani, mert a term\u00e9k szab\u00e1s\u00e1t-varr\u00e1s\u00e1t elkezdem.\u00a0<\/span><\/p>\n<p><span color=\"#000000\" style=\"color: rgba(0, 0, 0, 0.84); font-family: Poppins; font-size: medium;\"><u>Milyen \u00e1tv\u00e9teli m\u00f3dok lehets\u00e9gesek?<\/u><\/span><\/p>\n<p><span color=\"#000000\" style=\"color: rgba(0, 0, 0, 0.84); font-family: Poppins; font-size: medium;\">A sz\u00e1ll\u00edt\u00e1s t\u00f6rt\u00e9nhet:<\/span><\/p>\n<p><span color=\"#000000\" style=\"color: rgba(0, 0, 0, 0.84); font-family: Poppins; font-size: medium;\">-GLS fut\u00e1rszolg\u00e1lattal<\/span><\/p>\n<p><span color=\"#000000\" style=\"color: rgba(0, 0, 0, 0.84); font-family: Poppins; font-size: medium;\">-Foxpost automat\u00e1ba<\/span><\/p>\n<p><span color=\"#000000\" style=\"color: rgba(0, 0, 0, 0.84); font-family: Poppins; font-size: medium;\">-Pick pack pontra<\/span><\/p>\n<p><span color=\"#000000\" style=\"color: rgba(0, 0, 0, 0.84); font-family: Poppins; font-size: medium;\">-MPL h\u00e1zhozsz\u00e1ll\u00edt\u00e1ssal<\/span><\/p>\n<p><span color=\"#000000\" style=\"color: rgba(0, 0, 0, 0.84); font-family: Poppins; font-size: medium;\">-Szem\u00e9lyes \u00e1tv\u00e9telre is van lehet\u0151s\u00e9g el\u0151re megbesz\u00e9lt id\u0151pontban.<\/span><\/p>\n<p><span color=\"#000000\" style=\"color: rgba(0, 0, 0, 0.84); font-family: Poppins; font-size: medium;\"><\/span><\/p>\n<p><span style=\"text-decoration: underline; font-size: medium; color: rgba(0, 0, 0, 0.79);\">Milyen \u00e1tv\u00e9teli \u00e9s fizet\u00e9si m\u00f3dok lehets\u00e9gesek \u00e9s mennyibe ker\u00fclnek?<\/span><\/p>\n<p><span style=\"font-size: medium; color: rgba(0, 0, 0, 0.79);\">Fizet\u00e9si m\u00f3dok:<\/span><\/p>\n<p><span style=\"color: rgba(0, 0, 0, 0.79);\"><span style=\"font-size: medium;\">Banki \u00e1tutal\u00e1s:\u00a0<\/span><span style=\"font-size: medium;\">A fizet\u00e9s t\u00f6rt\u00e9nhet banki \u00e1tutal\u00e1ssal. A megrendel\u00e9s feldolgoz\u00e1s\u00e1t k\u00f6vet\u0151en koll\u00e9g\u00e1nk elk\u00fcldi \u00d6nnek az \u00e1tutal\u00e1shoz sz\u00fcks\u00e9ges adatokat. Miut\u00e1n utal\u00e1sa be\u00e9rkezett, 2 munkanapon bel\u00fcl az \u00d6n \u00e1ltal v\u00e1lasztott sz\u00e1ll\u00edt\u00e1si m\u00f3don feladjuk csomagj\u00e1t.\u00a0<\/span><\/span><\/p>\n<p><span style=\"color: rgba(0, 0, 0, 0.79);\"><span style=\"font-size: medium;\">K\u00e9szp\u00e9nzes fizet\u00e9s, szem\u00e9lyes \u00e1tv\u00e9telkor:\u00a0<\/span><span style=\"font-size: medium;\">A fizet\u00e9s t\u00f6rt\u00e9nhet k\u00e9szp\u00e9nzben k\u00f6zvetlen\u00fcl a csomag \u00e1tv\u00e9telekor. Pom\u00e1zi c\u00edm\u00fcnk\u00f6n, el\u0151re egyezettet id\u0151pontban.<\/span><\/span><\/p>\n<p><span style=\"font-size: medium; color: rgba(0, 0, 0, 0.79);\">\u00c1tv\u00e9teli m\u00f3dok:<\/span><\/p>\n<p><span style=\"color: rgba(0, 0, 0, 0.79);\"><span style=\"font-size: medium;\">MPL fut\u00e1rszolg\u00e1lat:\u00a0<\/span><span style=\"font-size: medium;\">H\u00e1zhozsz\u00e1ll\u00edt\u00e1s eset\u00e9n \u00e9rv\u00e9nyes sz\u00e1ll\u00edt\u00e1si d\u00edjak. Sz\u00e1ll\u00edt\u00e1si id\u0151: felad\u00e1st\u00f3l sz\u00e1m\u00edtott 1-3 munkanap. Brutt\u00f3 1600 Forint 2 kg-ig.<\/span><\/span><\/p>\n<p><span style=\"color: rgba(0, 0, 0, 0.79);\"><span style=\"font-size: medium;\">FoxPost:\u00a0<\/span><span style=\"font-size: medium;\">A FoxPost egyszer\u0171, k\u00e9nyelmes csomag\u00e1tv\u00e9telt tesz lehet\u0151v\u00e9 orsz\u00e1gszerte t\u00f6bb mint 100 csomagautomat\u00e1val. Brutt\u00f3 679 Forint 2 kg-ig.<\/span><\/span><\/p>\n<p><span style=\"color: rgba(0, 0, 0, 0.79);\"><span style=\"font-size: medium;\">Pickpack pont:\u00a0<\/span><span style=\"font-size: medium;\">Neked nincs m\u00e1s dolgod, csak \u00fatba ejteni a v\u00e1lasztott pontot egy neked tetsz\u0151 id\u0151pontban.\u00a0Brutt\u00f3 1250 Forint 2 kg-ig.<\/span><\/span><\/p>\n<p><span style=\"font-size: medium; color: rgba(0, 0, 0, 0.79);\">Tov\u00e1bbi inform\u00e1ci\u00f3:\u00a0<a href=\"http:\/\/www.foxpost.hu\/csomagatvetel-hogyan\/\" style=\"color: rgba(0, 0, 0, 0.79);\">http:\/\/www.foxpost.hu\/csomagatvetel-hogyan\/<\/a><\/span><\/p>\n<p><span style=\"color: rgba(0, 0, 0, 0.79);\"><span style=\"font-size: medium;\">Szem\u00e9lyes \u00e1tv\u00e9tel:\u00a0<\/span><span style=\"font-size: medium;\">Pom\u00e1zi c\u00edm\u00fcnk\u00f6n, el\u0151re egyezettet id\u0151pontban. (A c\u00edmen nem \u00fczemel bolt.)<\/span><\/span><\/p>\n<p><span color=\"#000000\" style=\"color: rgba(0, 0, 0, 0.84); font-family: Poppins; font-size: medium;\"><\/span><\/p>\n<p><u style=\"color: rgba(0, 0, 0, 0.84); font-family: Poppins; font-size: medium;\">Milyen hamar kapom meg a csomagot?<\/u><\/p>\n<p><span color=\"#000000\" style=\"color: rgba(0, 0, 0, 0.84); font-family: Poppins; font-size: medium;\">A k\u00e9szleten l\u00e9v\u0151 term\u00e9kek eset\u00e9ben, munkanapokon 14:00 \u00f3r\u00e1ig be\u00e9rkezett utal\u00e1sokn\u00e1l a k\u00f6vetkez\u0151 2 munkanapon bel\u00fcl tudom a csomagot feladni. K\u00e9rem vegye figyelembe, hogy a v\u00e1lasztott sz\u00e1ll\u00edt\u00e1si m\u00f3dn\u00e1l a kisz\u00e1ll\u00edt\u00e1s 1-4 napot is ig\u00e9nybe vehet.<\/span><\/p>\n<p><span color=\"#000000\" style=\"color: rgba(0, 0, 0, 0.84); font-family: Poppins; font-size: medium;\">Egyedi megrendel\u00e9sekn\u00e9l\u00a0 10-20 nap , a rendel\u00e9s visszaigazol\u00e1s\u00e1n\u00e1l megadom a v\u00e1rhat\u00f3 kisz\u00e1ll\u00edt\u00e1si\u00a0d\u00e1tumot.<\/span><\/p>\n<p><span color=\"#000000\" style=\"color: rgba(0, 0, 0, 0.84); font-family: Poppins; font-size: medium;\"><u>Egyedi megrendel\u00e9s eset\u00e9n\u00a0hogyan t\u00f6rt\u00e9nik a fizet\u00e9s?<\/u><\/span><\/p>\n<p><span color=\"#000000\" style=\"color: rgba(0, 0, 0, 0.84); font-family: Poppins; font-size: medium;\">Ilyen esetben a megbesz\u00e9lt term\u00e9k elk\u00e9sz\u00edt\u00e9se el\u0151tt az \u00e1ru v\u00e9tel\u00e1r\u00e1nt utal\u00e1ssal\u00a0ki kell egyenl\u00edteni, mert a szem\u00e9lyre szabott a megrendel\u00e9s egyedi m\u00e9retekkel \u00e9s fazonnal rendelkezhet, ami visszamond\u00e1s eset\u00e9n nem biztos, hogy \u00e9rt\u00e9kes\u00edthet\u0151.\u00a0<\/span><\/p>\n<p><span color=\"#000000\" style=\"color: rgba(0, 0, 0, 0.84); font-family: Poppins; font-size: medium;\">Meg\u00e9rt\u00e9s\u00e9t k\u00f6sz\u00f6n\u00f6m!<\/span><\/p>\n<p><span color=\"#000000\" style=\"color: rgba(0, 0, 0, 0.84); font-family: Poppins; font-size: medium;\"><u>K\u00fclf\u00f6ldre is k\u00e9rhetek kisz\u00e1ll\u00edt\u00e1st?<\/u><\/span><\/p>\n<p><span style=\"color: rgba(0, 0, 0, 0.84); font-family: Poppins; font-size: medium;\">Jelenleg csak Magyarorsz\u00e1gra van kisz\u00e1ll\u00edt\u00e1s, amennyiben k\u00fclf\u00f6ldre k\u00e9rn\u00e9 a csomagot, \u00fagy k\u00e9rem vegye fel velem a kapcsolatot itt: info@<a href=\"https:\/\/bonello.hu\/\" target=\"_blank\" data-saferedirecturl=\"https:\/\/www.google.com\/url?q=https:\/\/bonello.hu&amp;source=gmail&amp;ust=1603874443688000&amp;usg=AFQjCNEGb1ypLHlodsNx5huALY_Q1uatew\" rel=\"noopener noreferrer\" style=\"color: rgba(0, 0, 0, 0.84);\">bonello.hu<\/a>\u00a0oldalon<\/span><\/p>\n<p><span style=\"color: rgba(0, 0, 0, 0.84); font-family: Poppins; font-size: medium;\"><u>Nem kaptam meg a visszaigazol\u00f3 e-mailt, mit tegyek?<\/u><\/span><\/p>\n<p><span style=\"color: rgba(0, 0, 0, 0.84); font-family: Poppins; font-size: medium;\">Ellen\u0151r\u00edzze\u00a0 a levelez\u0151programj\u00e1nak a SPAM mapp\u00e1j\u00e1t! A visszaigazol\u00e1st \u00e1ltal\u00e1ban n\u00e9h\u00e1ny \u00f3r\u00e1n bel\u00fcl elk\u00fcl\u00f6m vagy felveszem \u00f6nnel a kapcsolatot, de ha ez nem t\u00f6rt\u00e9nik meg, akkor k\u00e9rem keressen meg valamelyik el\u00e9rhet\u0151s\u00e9gemen.<\/span><\/p>\n<p>[\/et_pb_text][\/et_pb_column][\/et_pb_row][\/et_pb_section]<\/p>\n","protected":false},"excerpt":{"rendered":"<p>GY.I.K. Egyedi megrendel\u00e9st le tudok adni? Igen, term\u00e9szetesen. V\u00e1llalkoz\u00e1som f\u0151 profilja, hogy egyedi term\u00e9keket k\u00e9sz\u00edtsek. Ha van elk\u00e9pzel\u00e9se, de nem tudja megval\u00f3s\u00edtani, akkor elk\u00e9sz\u00edtem nagyon sz\u00edvesen. Hogyan rendelhetem meg a term\u00e9keket? A k\u00e9szleten l\u00e9v\u0151 term\u00e9kek megrendel\u00e9s\u00e9nek lead\u00e1sa a\u00a0\u00a0www.bonello.hu\u00a0web\u00e1ruh\u00e1zban lehets\u00e9ges.\u00a0Egyedi megrendel\u00e9s eset\u00e9n vegye fel velem a kapcsolatot \u00e9s megbesz\u00e9lj\u00fck a r\u00e9szleteket pontosan. Mire figyeljek oda a [&hellip;]<\/p>\n","protected":false},"author":1,"featured_media":0,"parent":0,"menu_order":0,"comment_status":"closed","ping_status":"closed","template":"","meta":{"_et_pb_use_builder":"on","_et_pb_old_content":"","_et_gb_content_width":""},"_links":{"self":[{"href":"https:\/\/bonello.hu\/index.php?rest_route=\/wp\/v2\/pages\/325"}],"collection":[{"href":"https:\/\/bonello.hu\/index.php?rest_route=\/wp\/v2\/pages"}],"about":[{"href":"https:\/\/bonello.hu\/index.php?rest_route=\/wp\/v2\/types\/page"}],"author":[{"embeddable":true,"href":"https:\/\/bonello.hu\/index.php?rest_route=\/wp\/v2\/users\/1"}],"replies":[{"embeddable":true,"href":"https:\/\/bonello.hu\/index.php?rest_route=%2Fwp%2Fv2%2Fcomments&post=325"}],"version-history":[{"count":6,"href":"https:\/\/bonello.hu\/index.php?rest_route=\/wp\/v2\/pages\/325\/revisions"}],"predecessor-version":[{"id":341,"href":"https:\/\/bonello.hu\/index.php?rest_route=\/wp\/v2\/pages\/325\/revisions\/341"}],"wp:attachment":[{"href":"https:\/\/bonello.hu\/index.php?rest_route=%2Fwp%2Fv2%2Fmedia&parent=325"}],"curies":[{"name":"wp","href":"https:\/\/api.w.org\/{rel}","templated":true}]}}